{"id":14439,"date":"2018-04-13T11:40:25","date_gmt":"2018-04-13T10:40:25","guid":{"rendered":"https:\/\/www.serhs.com\/serhs-inspira\/sabies-que-va-posar-en-marxa-la-serhs-lany-1994\/"},"modified":"2018-08-17T17:38:14","modified_gmt":"2018-08-17T15:38:14","slug":"sabias-que-puso-en-marcha-la-serhs-1994","status":"publish","type":"avada_portfolio","link":"https:\/\/serhs.com\/es\/serhs-inspiracio\/sabias-que-puso-en-marcha-la-serhs-1994\/","title":{"rendered":"\u00bfSab\u00edas qu\u00e9 puso en marcha la SERHS 1994?"},"content":{"rendered":"<h1>\u00bfSab\u00edas qu\u00e9 puso en marcha la SERHS 1994?<\/h1>\n<h2><span style=\"font-weight: 400;\">Ese mismo a\u00f1o, un emblem\u00e1tico edificio barcelon\u00e9s ser\u00eda v\u00edctima de las llamas<\/span><\/h2>\n<p>&nbsp;<\/p>\n<p><span style=\"font-weight: 400;\">Ya estamos en Abril, y ya hace unos meses que emprendimos el vuelo para viajar <b>-sin pagar -por los \u00faltimos 40 a\u00f1os de SERHS<\/b>. El <b>\u00abPaseo por la historia\u00bb<\/b> de este mes consiste en volar unos 6.500 kil\u00f3metros, desde el <a href=\"\/es\/serhs-inspira\/ano-2003-o-cuando-serhs-aterrizo-en-brasil\/\" target=\"_blank\" rel=\"noopener\">SERHS Natal Grand Hotel de Brasil<\/a>, donde est\u00e1bamos en marzo, hasta Catalu\u00f1a. La primera parada ser\u00e1 en Arenys de Munt, donde en <b>1994<\/b> se levantaron los nuevos 1.276 m2 de la <b>Cocina SERHS<\/b>. Ese mismo a\u00f1o, Ramon Bag\u00f3, presidente de SERHS, dec\u00eda que \u00ab<b>el hecho diferenciador de nuestra organizaci\u00f3n no hay que buscarlo en las actividades, ni en nuestro volumen de negocio<\/b>. <b>Se debe buscar en nuestra especial manera de entender la empresa, en nuestro convencimiento de que podemos crear riqueza con una actuaci\u00f3n humanizadora y aprovechando todas las ventajas de la cooperaci\u00f3n\u00bb<\/b>. Palabras que hoy, todav\u00eda, definen la corporaci\u00f3n.\u00a0<\/span><\/p>\n<p><img decoding=\"async\" class=\"alignnone wp-image-14407\" src=\"https:\/\/serhs.com\/wp-content\/uploads\/2018\/04\/Sabies-qu\u00e8-va-posar-en-marxa-la-SERHS-l\u2019any-19941.jpg\" alt=\"Sabies qu\u00e8 va posar en marxa la SERHS l\u2019any 1994\" width=\"483\" height=\"335\" \/>\u00a0<img decoding=\"async\" class=\"alignnone wp-image-14408\" src=\"https:\/\/serhs.com\/wp-content\/uploads\/2018\/04\/Sabies-qu\u00e8-va-posar-en-marxa-la-SERHS-l\u2019any-19942.jpg\" alt=\"Sabies qu\u00e8 va posar en marxa la SERHS l\u2019any 1994\" width=\"321\" height=\"320\" srcset=\"https:\/\/serhs.com\/wp-content\/uploads\/2018\/04\/Sabies-qu\u00e8-va-posar-en-marxa-la-SERHS-l\u2019any-19942-66x66.jpg 66w, https:\/\/serhs.com\/wp-content\/uploads\/2018\/04\/Sabies-qu\u00e8-va-posar-en-marxa-la-SERHS-l\u2019any-19942-150x150.jpg 150w, https:\/\/serhs.com\/wp-content\/uploads\/2018\/04\/Sabies-qu\u00e8-va-posar-en-marxa-la-SERHS-l\u2019any-19942.jpg 477w\" sizes=\"(max-width: 321px) 100vw, 321px\" \/><\/p>\n<p><span style=\"font-weight: 400;\">La puesta en marcha de la Cocina SERHS de Arenys de Munt coincidi\u00f3 con otros eventos importantes, a\u00fan en la memoria de muchos de nosotros. Sab\u00edas que aquel <\/span><b>1994<\/b><span style=\"font-weight: 400;\">&#8230;<\/span><\/p>\n<ol style=\"text-align: justify;\">\n<li><span style=\"font-weight: 400;\"> En <\/span><b>Barcelona<\/b><span style=\"font-weight: 400;\"> se quem\u00f3, por segunda vez, <\/span><b>el<\/b> <b>Gran Teatro del Liceo<\/b><span style=\"font-weight: 400;\"> a causa de una chispa que saltaba mientras los operarios trabajaban con un soldador sobre un tel\u00f3n de acero? El mismo d\u00eda de la cat\u00e1strofe cultural, se decidi\u00f3 reconstruir el edificio sobre el mismo solar en que se levantaba desde 1847.<\/span><\/li>\n<li><span style=\"font-weight: 400;\"> La pel\u00edcula <\/span><b>\u00abBelle\u00c9poque\u00bb,<\/b><span style=\"font-weight: 400;\"> de Fernando Trueba, fue la segunda pel\u00edcula espa\u00f1ola de la historia galardonada con <\/span><b>el Oscar a la Mejor Pel\u00edcula de Habla No Inglesa<\/b><span style=\"font-weight: 400;\">? El largometraje, protagonizado por grandes estrellas del celuloide como Pen\u00e9lope Cruz o Ariadna Gil, tambi\u00e9n fue reconocido con 9 <\/span><b>Premios Goya<\/b><span style=\"font-weight: 400;\"> y se consagr\u00f3 como una de las pel\u00edculas <\/span><b>Made in Spain<\/b><span style=\"font-weight: 400;\"> m\u00e1s premiadas.<\/span><\/li>\n<li><span style=\"font-weight: 400;\"> En territorio europeo entr\u00f3 en funcionamiento el <\/span><b>Eurot\u00fanel?<\/b><span style=\"font-weight: 400;\"> Esta infraestructura ferroviaria es la que, a\u00fan hoy, cruza el Canal de la Mancha y une, por debajo del mar, Inglaterra y \u00a0Francia en un trayecto de, tan s\u00f3lo, 35 minutos.<\/span><\/li>\n<li><span style=\"font-weight: 400;\"> Suecia, Austria y Finlandia se incorporaron a la <\/span><b>Uni\u00f3n Europea<\/b><span style=\"font-weight: 400;\">? Estas entradas dieron lugar a la llamada <\/span><b>\u00abEuropa de los Quince\u00bb<\/b><span style=\"font-weight: 400;\">. Hoy forman parte de la <\/span><b>UE<\/b><span style=\"font-weight: 400;\"> un total de <\/span><b>28 estados<\/b><span style=\"font-weight: 400;\">.<\/span><\/li>\n<li><span style=\"font-weight: 400;\"> En el continente Africano, <\/span><b>Nelson Mandela<\/b><span style=\"font-weight: 400;\"> se convirti\u00f3 en el primer presidente de raza negra que encabez\u00f3 el poder ejecutivo de Sud\u00e1frica? Resulta que, adem\u00e1s, fue el primero en resultar elegido por <\/span><b>sufragio universal<\/b><span style=\"font-weight: 400;\">.<\/span><\/li>\n<li><span style=\"font-weight: 400;\"> Mientras todo esto suced\u00eda, <\/span><b>SERHS<\/b><span style=\"font-weight: 400;\"> continuaba creciendo y expandi\u00e9ndose? De ah\u00ed las nuevas instalaciones de <\/span><b>Cuina SERHS S.L<\/b><span style=\"font-weight: 400;\">. Hoy, <\/span><a href=\"http:\/\/serhsfood.com\/\"><span style=\"font-weight: 400;\">SERHS Food<\/span><\/a><span style=\"font-weight: 400;\">, cuenta con una <\/span><a href=\"http:\/\/serhsfood.com\/nova-cuina-dalt-rendiment-car\/\"><span style=\"font-weight: 400;\">Cocina de Alto Rendimiento<\/span><\/a><span style=\"font-weight: 400;\">, ubicada en Matar\u00f3. Una nueva planta de producci\u00f3n \u00e1gil y flexible, con una extensi\u00f3n de 2.500m2, que incorpora la \u00faltima tecnolog\u00eda para la industria alimentaria segura y de calidad.<\/span><\/li>\n<\/ol>\n<p><span style=\"font-weight: 400;\">El tiempo es caprichoso y, hoy por hoy, hace que <\/span><b>SERHS FOOD<\/b><span style=\"font-weight: 400;\"> sea la empresa responsable de todos los servicios de <\/span><span style=\"font-weight: 400;\">restauraci\u00f3n y catering<\/span><span style=\"font-weight: 400;\"> del Gran Teatro del Liceo de Barcelona. Un recordatorio de que no pod\u00edamos pasar por alto antes de terminar nuestra <\/span><b>Paseo por la Historia<\/b><span style=\"font-weight: 400;\"> del mes de Abril, en el que se celebra un a\u00f1o de la inauguraci\u00f3n oficial de la <\/span><b>CAR<\/b><span style=\"font-weight: 400;\"> de Matar\u00f3 de <\/span><b>SERHS FOOD.<\/b><\/p>\n","protected":false},"excerpt":{"rendered":"<p>Ese mismo a\u00f1o, un emblem\u00e1tico edificio barcelon\u00e9s ser\u00eda v\u00edctima de las llamas.<\/p>\n","protected":false},"author":19,"featured_media":16385,"menu_order":0,"comment_status":"open","ping_status":"closed","template":"","format":"standard","meta":{"footnotes":""},"portfolio_category":[115,108],"portfolio_skills":[],"portfolio_tags":[173,174,112,178,175,114,177,176],"class_list":["post-14439","avada_portfolio","type-avada_portfolio","status-publish","format-standard","has-post-thumbnail","hentry","portfolio_category-eventos","portfolio_category-paseo-por-la-historia","portfolio_tags-cuina-serhs-es","portfolio_tags-eurotunel-es","portfolio_tags-passejada-per-la-historia-es","portfolio_tags-que-sucedio-en-todo-el-mundo","portfolio_tags-que-va-succeir-arreu-del-mon-es","portfolio_tags-serhs-es","portfolio_tags-viajar-gratuitamente","portfolio_tags-viatjar-gratuitament-es"],"yoast_head":"<!-- This site is optimized with the Yoast SEO plugin v27.5 - https:\/\/yoast.com\/product\/yoast-seo-wordpress\/ -->\n<title>Historia de SERHS: \u00bfSab\u00edas que puso en marcha la SERHS 1994?<\/title>\n<meta name=\"description\" content=\"Historia de SERHS: \u00bfSab\u00edas que puso en marcha la SERHS 1994? Aquel mismo a\u00f1o, un emblem\u00e1tico edificio barcelon\u00e9s ser\u00eda v\u00edctima de las llamas.\" \/>\n<meta name=\"robots\" content=\"noindex, follow\" \/>\n<meta property=\"og:locale\" content=\"es_ES\" \/>\n<meta property=\"og:type\" content=\"article\" \/>\n<meta property=\"og:title\" content=\"Historia de SERHS: \u00bfSab\u00edas que puso en marcha la SERHS 1994?\" \/>\n<meta property=\"og:description\" content=\"Historia de SERHS: \u00bfSab\u00edas que puso en marcha la SERHS 1994? Aquel mismo a\u00f1o, un emblem\u00e1tico edificio barcelon\u00e9s ser\u00eda v\u00edctima de las llamas.\" \/>\n<meta property=\"og:url\" content=\"https:\/\/serhs.com\/es\/serhs-inspiracio\/sabias-que-puso-en-marcha-la-serhs-1994\/\" \/>\n<meta property=\"og:site_name\" content=\"SERHS\" \/>\n<meta property=\"article:publisher\" content=\"https:\/\/www.facebook.com\/grupserhs\" \/>\n<meta property=\"article:modified_time\" content=\"2018-08-17T15:38:14+00:00\" \/>\n<meta property=\"og:image\" content=\"https:\/\/serhs.com\/wp-content\/uploads\/2018\/06\/serhs-1994.jpg\" \/>\n\t<meta property=\"og:image:width\" content=\"800\" \/>\n\t<meta property=\"og:image:height\" content=\"600\" \/>\n\t<meta property=\"og:image:type\" content=\"image\/jpeg\" \/>\n<meta name=\"twitter:card\" content=\"summary_large_image\" \/>\n<meta name=\"twitter:label1\" content=\"Tiempo de lectura\" \/>\n\t<meta name=\"twitter:data1\" content=\"3 minutos\" \/>\n<script type=\"application\/ld+json\" class=\"yoast-schema-graph\">{\"@context\":\"https:\\\/\\\/schema.org\",\"@graph\":[{\"@type\":\"WebPage\",\"@id\":\"https:\\\/\\\/serhs.com\\\/es\\\/serhs-inspiracio\\\/sabias-que-puso-en-marcha-la-serhs-1994\\\/\",\"url\":\"https:\\\/\\\/serhs.com\\\/es\\\/serhs-inspiracio\\\/sabias-que-puso-en-marcha-la-serhs-1994\\\/\",\"name\":\"Historia de SERHS: \u00bfSab\u00edas que puso en marcha la SERHS 1994?\",\"isPartOf\":{\"@id\":\"https:\\\/\\\/serhs.com\\\/es\\\/#website\"},\"primaryImageOfPage\":{\"@id\":\"https:\\\/\\\/serhs.com\\\/es\\\/serhs-inspiracio\\\/sabias-que-puso-en-marcha-la-serhs-1994\\\/#primaryimage\"},\"image\":{\"@id\":\"https:\\\/\\\/serhs.com\\\/es\\\/serhs-inspiracio\\\/sabias-que-puso-en-marcha-la-serhs-1994\\\/#primaryimage\"},\"thumbnailUrl\":\"https:\\\/\\\/serhs.com\\\/wp-content\\\/uploads\\\/2018\\\/06\\\/serhs-1994.jpg\",\"datePublished\":\"2018-04-13T10:40:25+00:00\",\"dateModified\":\"2018-08-17T15:38:14+00:00\",\"description\":\"Historia de SERHS: \u00bfSab\u00edas que puso en marcha la SERHS 1994? Aquel mismo a\u00f1o, un emblem\u00e1tico edificio barcelon\u00e9s ser\u00eda v\u00edctima de las llamas.\",\"breadcrumb\":{\"@id\":\"https:\\\/\\\/serhs.com\\\/es\\\/serhs-inspiracio\\\/sabias-que-puso-en-marcha-la-serhs-1994\\\/#breadcrumb\"},\"inLanguage\":\"es\",\"potentialAction\":[{\"@type\":\"ReadAction\",\"target\":[\"https:\\\/\\\/serhs.com\\\/es\\\/serhs-inspiracio\\\/sabias-que-puso-en-marcha-la-serhs-1994\\\/\"]}]},{\"@type\":\"ImageObject\",\"inLanguage\":\"es\",\"@id\":\"https:\\\/\\\/serhs.com\\\/es\\\/serhs-inspiracio\\\/sabias-que-puso-en-marcha-la-serhs-1994\\\/#primaryimage\",\"url\":\"https:\\\/\\\/serhs.com\\\/wp-content\\\/uploads\\\/2018\\\/06\\\/serhs-1994.jpg\",\"contentUrl\":\"https:\\\/\\\/serhs.com\\\/wp-content\\\/uploads\\\/2018\\\/06\\\/serhs-1994.jpg\",\"width\":800,\"height\":600,\"caption\":\"Sabies qu\u00e8 va posar en marxa la SERHS l\u2019any 1994\"},{\"@type\":\"BreadcrumbList\",\"@id\":\"https:\\\/\\\/serhs.com\\\/es\\\/serhs-inspiracio\\\/sabias-que-puso-en-marcha-la-serhs-1994\\\/#breadcrumb\",\"itemListElement\":[{\"@type\":\"ListItem\",\"position\":1,\"name\":\"Inici\",\"item\":\"https:\\\/\\\/serhs.com\\\/es\\\/\"},{\"@type\":\"ListItem\",\"position\":2,\"name\":\"SERHS Inspira\",\"item\":\"https:\\\/\\\/serhs.com\\\/serhs-inspiracio\\\/\"},{\"@type\":\"ListItem\",\"position\":3,\"name\":\"Eventos\",\"item\":\"https:\\\/\\\/serhs.com\\\/es\\\/inspira_categoria\\\/eventos\\\/\"},{\"@type\":\"ListItem\",\"position\":4,\"name\":\"\u00bfSab\u00edas qu\u00e9 puso en marcha la SERHS 1994?\"}]},{\"@type\":\"WebSite\",\"@id\":\"https:\\\/\\\/serhs.com\\\/es\\\/#website\",\"url\":\"https:\\\/\\\/serhs.com\\\/es\\\/\",\"name\":\"SERHS\",\"description\":\"El primer grup Tur\u00edstic de Catalunya\",\"publisher\":{\"@id\":\"https:\\\/\\\/serhs.com\\\/es\\\/#organization\"},\"potentialAction\":[{\"@type\":\"SearchAction\",\"target\":{\"@type\":\"EntryPoint\",\"urlTemplate\":\"https:\\\/\\\/serhs.com\\\/es\\\/?s={search_term_string}\"},\"query-input\":{\"@type\":\"PropertyValueSpecification\",\"valueRequired\":true,\"valueName\":\"search_term_string\"}}],\"inLanguage\":\"es\"},{\"@type\":\"Organization\",\"@id\":\"https:\\\/\\\/serhs.com\\\/es\\\/#organization\",\"name\":\"SERHS\",\"url\":\"https:\\\/\\\/serhs.com\\\/es\\\/\",\"logo\":{\"@type\":\"ImageObject\",\"inLanguage\":\"es\",\"@id\":\"https:\\\/\\\/serhs.com\\\/es\\\/#\\\/schema\\\/logo\\\/image\\\/\",\"url\":\"https:\\\/\\\/serhs.com\\\/wp-content\\\/uploads\\\/2018\\\/05\\\/logoSERHS200.png\",\"contentUrl\":\"https:\\\/\\\/serhs.com\\\/wp-content\\\/uploads\\\/2018\\\/05\\\/logoSERHS200.png\",\"width\":200,\"height\":67,\"caption\":\"SERHS\"},\"image\":{\"@id\":\"https:\\\/\\\/serhs.com\\\/es\\\/#\\\/schema\\\/logo\\\/image\\\/\"},\"sameAs\":[\"https:\\\/\\\/www.facebook.com\\\/grupserhs\",\"https:\\\/\\\/www.linkedin.com\\\/company\\\/grup-serhs\",\"https:\\\/\\\/www.instagram.com\\\/serhsoficial\\\/\"]}]}<\/script>\n<!-- \/ Yoast SEO plugin. -->","yoast_head_json":{"title":"Historia de SERHS: \u00bfSab\u00edas que puso en marcha la SERHS 1994?","description":"Historia de SERHS: \u00bfSab\u00edas que puso en marcha la SERHS 1994? Aquel mismo a\u00f1o, un emblem\u00e1tico edificio barcelon\u00e9s ser\u00eda v\u00edctima de las llamas.","robots":{"index":"noindex","follow":"follow"},"og_locale":"es_ES","og_type":"article","og_title":"Historia de SERHS: \u00bfSab\u00edas que puso en marcha la SERHS 1994?","og_description":"Historia de SERHS: \u00bfSab\u00edas que puso en marcha la SERHS 1994? Aquel mismo a\u00f1o, un emblem\u00e1tico edificio barcelon\u00e9s ser\u00eda v\u00edctima de las llamas.","og_url":"https:\/\/serhs.com\/es\/serhs-inspiracio\/sabias-que-puso-en-marcha-la-serhs-1994\/","og_site_name":"SERHS","article_publisher":"https:\/\/www.facebook.com\/grupserhs","article_modified_time":"2018-08-17T15:38:14+00:00","og_image":[{"width":800,"height":600,"url":"https:\/\/serhs.com\/wp-content\/uploads\/2018\/06\/serhs-1994.jpg","type":"image\/jpeg"}],"twitter_card":"summary_large_image","twitter_misc":{"Tiempo de lectura":"3 minutos"},"schema":{"@context":"https:\/\/schema.org","@graph":[{"@type":"WebPage","@id":"https:\/\/serhs.com\/es\/serhs-inspiracio\/sabias-que-puso-en-marcha-la-serhs-1994\/","url":"https:\/\/serhs.com\/es\/serhs-inspiracio\/sabias-que-puso-en-marcha-la-serhs-1994\/","name":"Historia de SERHS: \u00bfSab\u00edas que puso en marcha la SERHS 1994?","isPartOf":{"@id":"https:\/\/serhs.com\/es\/#website"},"primaryImageOfPage":{"@id":"https:\/\/serhs.com\/es\/serhs-inspiracio\/sabias-que-puso-en-marcha-la-serhs-1994\/#primaryimage"},"image":{"@id":"https:\/\/serhs.com\/es\/serhs-inspiracio\/sabias-que-puso-en-marcha-la-serhs-1994\/#primaryimage"},"thumbnailUrl":"https:\/\/serhs.com\/wp-content\/uploads\/2018\/06\/serhs-1994.jpg","datePublished":"2018-04-13T10:40:25+00:00","dateModified":"2018-08-17T15:38:14+00:00","description":"Historia de SERHS: \u00bfSab\u00edas que puso en marcha la SERHS 1994? Aquel mismo a\u00f1o, un emblem\u00e1tico edificio barcelon\u00e9s ser\u00eda v\u00edctima de las llamas.","breadcrumb":{"@id":"https:\/\/serhs.com\/es\/serhs-inspiracio\/sabias-que-puso-en-marcha-la-serhs-1994\/#breadcrumb"},"inLanguage":"es","potentialAction":[{"@type":"ReadAction","target":["https:\/\/serhs.com\/es\/serhs-inspiracio\/sabias-que-puso-en-marcha-la-serhs-1994\/"]}]},{"@type":"ImageObject","inLanguage":"es","@id":"https:\/\/serhs.com\/es\/serhs-inspiracio\/sabias-que-puso-en-marcha-la-serhs-1994\/#primaryimage","url":"https:\/\/serhs.com\/wp-content\/uploads\/2018\/06\/serhs-1994.jpg","contentUrl":"https:\/\/serhs.com\/wp-content\/uploads\/2018\/06\/serhs-1994.jpg","width":800,"height":600,"caption":"Sabies qu\u00e8 va posar en marxa la SERHS l\u2019any 1994"},{"@type":"BreadcrumbList","@id":"https:\/\/serhs.com\/es\/serhs-inspiracio\/sabias-que-puso-en-marcha-la-serhs-1994\/#breadcrumb","itemListElement":[{"@type":"ListItem","position":1,"name":"Inici","item":"https:\/\/serhs.com\/es\/"},{"@type":"ListItem","position":2,"name":"SERHS Inspira","item":"https:\/\/serhs.com\/serhs-inspiracio\/"},{"@type":"ListItem","position":3,"name":"Eventos","item":"https:\/\/serhs.com\/es\/inspira_categoria\/eventos\/"},{"@type":"ListItem","position":4,"name":"\u00bfSab\u00edas qu\u00e9 puso en marcha la SERHS 1994?"}]},{"@type":"WebSite","@id":"https:\/\/serhs.com\/es\/#website","url":"https:\/\/serhs.com\/es\/","name":"SERHS","description":"El primer grup Tur\u00edstic de Catalunya","publisher":{"@id":"https:\/\/serhs.com\/es\/#organization"},"potentialAction":[{"@type":"SearchAction","target":{"@type":"EntryPoint","urlTemplate":"https:\/\/serhs.com\/es\/?s={search_term_string}"},"query-input":{"@type":"PropertyValueSpecification","valueRequired":true,"valueName":"search_term_string"}}],"inLanguage":"es"},{"@type":"Organization","@id":"https:\/\/serhs.com\/es\/#organization","name":"SERHS","url":"https:\/\/serhs.com\/es\/","logo":{"@type":"ImageObject","inLanguage":"es","@id":"https:\/\/serhs.com\/es\/#\/schema\/logo\/image\/","url":"https:\/\/serhs.com\/wp-content\/uploads\/2018\/05\/logoSERHS200.png","contentUrl":"https:\/\/serhs.com\/wp-content\/uploads\/2018\/05\/logoSERHS200.png","width":200,"height":67,"caption":"SERHS"},"image":{"@id":"https:\/\/serhs.com\/es\/#\/schema\/logo\/image\/"},"sameAs":["https:\/\/www.facebook.com\/grupserhs","https:\/\/www.linkedin.com\/company\/grup-serhs","https:\/\/www.instagram.com\/serhsoficial\/"]}]}},"_links":{"self":[{"href":"https:\/\/serhs.com\/es\/wp-json\/wp\/v2\/avada_portfolio\/14439","targetHints":{"allow":["GET"]}}],"collection":[{"href":"https:\/\/serhs.com\/es\/wp-json\/wp\/v2\/avada_portfolio"}],"about":[{"href":"https:\/\/serhs.com\/es\/wp-json\/wp\/v2\/types\/avada_portfolio"}],"author":[{"embeddable":true,"href":"https:\/\/serhs.com\/es\/wp-json\/wp\/v2\/users\/19"}],"replies":[{"embeddable":true,"href":"https:\/\/serhs.com\/es\/wp-json\/wp\/v2\/comments?post=14439"}],"version-history":[{"count":0,"href":"https:\/\/serhs.com\/es\/wp-json\/wp\/v2\/avada_portfolio\/14439\/revisions"}],"wp:featuredmedia":[{"embeddable":true,"href":"https:\/\/serhs.com\/es\/wp-json\/wp\/v2\/media\/16385"}],"wp:attachment":[{"href":"https:\/\/serhs.com\/es\/wp-json\/wp\/v2\/media?parent=14439"}],"wp:term":[{"taxonomy":"portfolio_category","embeddable":true,"href":"https:\/\/serhs.com\/es\/wp-json\/wp\/v2\/portfolio_category?post=14439"},{"taxonomy":"portfolio_skills","embeddable":true,"href":"https:\/\/serhs.com\/es\/wp-json\/wp\/v2\/portfolio_skills?post=14439"},{"taxonomy":"portfolio_tags","embeddable":true,"href":"https:\/\/serhs.com\/es\/wp-json\/wp\/v2\/portfolio_tags?post=14439"}],"curies":[{"name":"wp","href":"https:\/\/api.w.org\/{rel}","templated":true}]}}