{"id":16338,"date":"2018-06-04T08:55:33","date_gmt":"2018-06-04T07:55:33","guid":{"rendered":"https:\/\/www.serhs.com\/?post_type=avada_portfolio&#038;p=16338"},"modified":"2022-03-07T16:45:55","modified_gmt":"2022-03-07T15:45:55","slug":"serhs-con-musica-de-joaquin-soms-i-janer","status":"publish","type":"avada_portfolio","link":"https:\/\/serhs.com\/es\/serhs-inspiracio\/serhs-con-musica-de-joaquin-soms-i-janer\/","title":{"rendered":"SERHS con m\u00fasica de Joaqu\u00edn Soms i Janer"},"content":{"rendered":"<h1>SERHS con m\u00fasica de Joaqu\u00edn Soms y Janer<\/h1>\n<h2><b>Diferentes int\u00e9rpretes y grupos musicales han interpretado el himno de la corporaci\u00f3n<\/b><\/h2>\n<p>&nbsp;<\/p>\n<p>Corr\u00eda 1987 cuando, en un viaje de Fin de Temporada de <strong>SERHS<\/strong> en Brasil, <strong>Ramon Bag\u00f3<\/strong> encarg\u00f3 al maestro y compositor de Pineda de Mar, Joaquim Soms Janer, la composici\u00f3n de una sardana. Soms acept\u00f3 el encargo, del entonces presidente de SERHS, y compuso la sardana <strong>&#8216;Juntos con la SERHS<\/strong>&#8216;, con letra del profesor y escritor de Sarri\u00e0 Narc\u00eds Rami\u00f3 Domingo, que con los a\u00f1os se convirti\u00f3 en el himno de la corporaci\u00f3n. Nuestra &#8216;<strong>Paseo por la historia<\/strong>&#8216; de hoy se adentra en este curioso cap\u00edtulo de <strong>SERHS<\/strong> que ha cumplido la friolera de \u00a130 a\u00f1os!<\/p>\n<p>&nbsp;<\/p>\n<p>La Sardana<strong> &#8216;Juntos con la SERHS&#8217;<\/strong> se estren\u00f3 el 29 de abril de 1988, con motivo de la celebraci\u00f3n de la XII Noche del Cooperativismo en el Hotel Oasis de Lloret de Mar. El debut fue acompa\u00f1ado de la orquesta<strong> La Principal de la Bisbal<\/strong> y del socio y tenor Jos\u00e9 Cord\u00f3n y Soler. Desde su debut, y hasta nuestros d\u00edas, la letra de la Sardana de <strong>SERHS<\/strong> hace referencia a la acogida, a la hospitalidad y a diferentes activos de lo que, en alguna ocasi\u00f3n, se ha llamado &#8216;nuestro producto tur\u00edstico&#8217;.<\/p>\n<p>&nbsp;<\/p>\n<div id=\"attachment_16368\" style=\"width: 810px\" class=\"wp-caption alignnone\"><img decoding=\"async\" aria-describedby=\"caption-attachment-16368\" class=\"wp-image-16368 size-full\" src=\"https:\/\/serhs.com\/wp-content\/uploads\/2018\/06\/Sardana-SERHS.jpg\" alt=\"Joaquim Soms i Narc\u00eds Rami\u00f3 van posar m\u00fasica i lletra a Junts amb la SERHS\" width=\"800\" height=\"600\" srcset=\"https:\/\/serhs.com\/wp-content\/uploads\/2018\/06\/Sardana-SERHS-200x150.jpg 200w, https:\/\/serhs.com\/wp-content\/uploads\/2018\/06\/Sardana-SERHS-300x225.jpg 300w, https:\/\/serhs.com\/wp-content\/uploads\/2018\/06\/Sardana-SERHS-400x300.jpg 400w, https:\/\/serhs.com\/wp-content\/uploads\/2018\/06\/Sardana-SERHS-600x450.jpg 600w, https:\/\/serhs.com\/wp-content\/uploads\/2018\/06\/Sardana-SERHS-768x576.jpg 768w, https:\/\/serhs.com\/wp-content\/uploads\/2018\/06\/Sardana-SERHS.jpg 800w\" sizes=\"(max-width: 800px) 100vw, 800px\" \/><p id=\"caption-attachment-16368\" class=\"wp-caption-text\">Junts amb la SERHS t\u00e9 la m\u00fasica de Joaquim Soms i la lletra de Narc\u00eds Rami\u00f3<\/p><\/div>\n<p>&nbsp;<\/p>\n<p>Desde entonces, el himno ha sido interpretado a lo largo de los a\u00f1os como clausura de los actos m\u00e1s importantes y emblem\u00e1ticos de <strong>SERHS<\/strong>, como la Noche de SERHS, y <strong>le han puesto voz int\u00e9rpretes como Albert Deprius, Pedro Gual, Rosa Brunet, Gloria L\u00f3pez y Carmen Concuerta; as\u00ed como La Polif\u00f3nica de Calella, el Orfe\u00f3n Catal\u00e1n y la Coral Sant Jordi. La Vieja Dixieland y la Cobla Ciudad de Calella han sido, junto con La Principal de la Bisbal<\/strong>, los grupos encargados de hacerla sonar.<\/p>\n<p>&nbsp;<\/p>\n<p><strong>Algunas curiosidades sobre Joaqu\u00edn Soms<\/strong><\/p>\n<p>A <strong>Soms<\/strong>, que inici\u00f3 los estudios de solfeo y piano en la Academia Salom de <strong>Calella<\/strong>, le toc\u00f3 vivir y sufrir de cerca la <strong>Guerra Civil<\/strong>. Fue en medio del conflicto cuando escribi\u00f3 varias sardanas, mientras estaba en el frente del centro, en las posiciones del norte de Guadalajara donde escribi\u00f3, por ejemplo, &#8216;Mar\u00eda de Pineda&#8217; para recordar a tu prometida. Pertenec\u00eda a la 33\u00aa divisi\u00f3n del IV Cuerpo del Ej\u00e9rcito.<\/p>\n<p>Pero su producci\u00f3n comenzaba un poco antes de todo aquello. Con s\u00f3lo 17 a\u00f1os, compuso su primera sardana que titul\u00f3 &#8216;Idil.li pastoril&#8217;.<\/p>\n<p>Una de las sardanas que <strong>Soms<\/strong> escribi\u00f3 durante la Guerra Civil, le cost\u00f3 m\u00e1s de un a\u00f1o de prisi\u00f3n despu\u00e9s de esta.Al finalizar el conflicto, <strong>Joaquim Soms<\/strong> continu\u00f3 componiendo sardanas, con una producci\u00f3n que se elev\u00f3 a m\u00e1s de trescientas obras.<\/p>\n<p>&nbsp;<\/p>\n<p><a href=\"https:\/\/serhs.com\/serhs-inspiracio\/la-serhs-amb-musica-de-joaquim-soms-i-janer\/\">Si te atreves a cantar el himno de la SERHS <strong>\u2018Junts amb la SERHS\u2019<\/strong> \u2013 \u2018Juntos con SERHS\u2019, solo tienes que hacer clic aqu\u00ed<\/a>. \u00a1An\u00edmate y curiosea\u2019<\/p>\n<p>&nbsp;<\/p>\n","protected":false},"excerpt":{"rendered":"<p>Diferentes int\u00e9rpretes y grupos musicales han interpretado el himno de la corporaci\u00f3n<\/p>\n","protected":false},"author":19,"featured_media":16366,"menu_order":0,"comment_status":"closed","ping_status":"closed","template":"","format":"standard","meta":{"footnotes":""},"portfolio_category":[108],"portfolio_skills":[],"portfolio_tags":[218,219,114],"class_list":["post-16338","avada_portfolio","type-avada_portfolio","status-publish","format-standard","has-post-thumbnail","hentry","portfolio_category-paseo-por-la-historia","portfolio_tags-joaquim-soms","portfolio_tags-sardana","portfolio_tags-serhs-es"],"yoast_head":"<!-- This site is optimized with the Yoast SEO plugin v27.5 - https:\/\/yoast.com\/product\/yoast-seo-wordpress\/ -->\n<title>La SERHS con la m\u00fasica de Joaqu\u00edn Soms y Janer<\/title>\n<meta name=\"description\" content=\"La SERHS con m\u00fasica de Joaqu\u00edn Soms y Janer, a qui\u00e9n Ramon Bag\u00f3 encarg\u00f3 la composici\u00f3n de una sardana, la Sardana de la SERHS\" \/>\n<meta name=\"robots\" content=\"noindex, follow\" \/>\n<meta property=\"og:locale\" content=\"es_ES\" \/>\n<meta property=\"og:type\" content=\"article\" \/>\n<meta property=\"og:title\" content=\"La SERHS con la m\u00fasica de Joaqu\u00edn Soms y Janer\" \/>\n<meta property=\"og:description\" content=\"La SERHS con m\u00fasica de Joaqu\u00edn Soms y Janer, a qui\u00e9n Ramon Bag\u00f3 encarg\u00f3 la composici\u00f3n de una sardana, la Sardana de la SERHS\" \/>\n<meta property=\"og:url\" content=\"https:\/\/serhs.com\/es\/serhs-inspiracio\/serhs-con-musica-de-joaquin-soms-i-janer\/\" \/>\n<meta property=\"og:site_name\" content=\"SERHS\" \/>\n<meta property=\"article:publisher\" content=\"https:\/\/www.facebook.com\/grupserhs\" \/>\n<meta property=\"article:modified_time\" content=\"2022-03-07T15:45:55+00:00\" \/>\n<meta property=\"og:image\" content=\"https:\/\/serhs.com\/wp-content\/uploads\/2018\/06\/Sardana-SERHS-Autors.jpg\" \/>\n\t<meta property=\"og:image:width\" content=\"800\" \/>\n\t<meta property=\"og:image:height\" content=\"600\" \/>\n\t<meta property=\"og:image:type\" content=\"image\/jpeg\" \/>\n<meta name=\"twitter:card\" content=\"summary_large_image\" \/>\n<meta name=\"twitter:label1\" content=\"Tiempo de lectura\" \/>\n\t<meta name=\"twitter:data1\" content=\"3 minutos\" \/>\n<script type=\"application\/ld+json\" class=\"yoast-schema-graph\">{\"@context\":\"https:\\\/\\\/schema.org\",\"@graph\":[{\"@type\":\"WebPage\",\"@id\":\"https:\\\/\\\/serhs.com\\\/es\\\/serhs-inspiracio\\\/serhs-con-musica-de-joaquin-soms-i-janer\\\/\",\"url\":\"https:\\\/\\\/serhs.com\\\/es\\\/serhs-inspiracio\\\/serhs-con-musica-de-joaquin-soms-i-janer\\\/\",\"name\":\"La SERHS con la m\u00fasica de Joaqu\u00edn Soms y Janer\",\"isPartOf\":{\"@id\":\"https:\\\/\\\/serhs.com\\\/es\\\/#website\"},\"primaryImageOfPage\":{\"@id\":\"https:\\\/\\\/serhs.com\\\/es\\\/serhs-inspiracio\\\/serhs-con-musica-de-joaquin-soms-i-janer\\\/#primaryimage\"},\"image\":{\"@id\":\"https:\\\/\\\/serhs.com\\\/es\\\/serhs-inspiracio\\\/serhs-con-musica-de-joaquin-soms-i-janer\\\/#primaryimage\"},\"thumbnailUrl\":\"https:\\\/\\\/serhs.com\\\/wp-content\\\/uploads\\\/2018\\\/06\\\/Sardana-SERHS-Autors.jpg\",\"datePublished\":\"2018-06-04T07:55:33+00:00\",\"dateModified\":\"2022-03-07T15:45:55+00:00\",\"description\":\"La SERHS con m\u00fasica de Joaqu\u00edn Soms y Janer, a qui\u00e9n Ramon Bag\u00f3 encarg\u00f3 la composici\u00f3n de una sardana, la Sardana de la SERHS\",\"breadcrumb\":{\"@id\":\"https:\\\/\\\/serhs.com\\\/es\\\/serhs-inspiracio\\\/serhs-con-musica-de-joaquin-soms-i-janer\\\/#breadcrumb\"},\"inLanguage\":\"es\",\"potentialAction\":[{\"@type\":\"ReadAction\",\"target\":[\"https:\\\/\\\/serhs.com\\\/es\\\/serhs-inspiracio\\\/serhs-con-musica-de-joaquin-soms-i-janer\\\/\"]}]},{\"@type\":\"ImageObject\",\"inLanguage\":\"es\",\"@id\":\"https:\\\/\\\/serhs.com\\\/es\\\/serhs-inspiracio\\\/serhs-con-musica-de-joaquin-soms-i-janer\\\/#primaryimage\",\"url\":\"https:\\\/\\\/serhs.com\\\/wp-content\\\/uploads\\\/2018\\\/06\\\/Sardana-SERHS-Autors.jpg\",\"contentUrl\":\"https:\\\/\\\/serhs.com\\\/wp-content\\\/uploads\\\/2018\\\/06\\\/Sardana-SERHS-Autors.jpg\",\"width\":800,\"height\":600,\"caption\":\"Junts amb la SERHS \u00e9s el t\u00edtol de la sardana que \u00e9s himne de la SERHS\"},{\"@type\":\"BreadcrumbList\",\"@id\":\"https:\\\/\\\/serhs.com\\\/es\\\/serhs-inspiracio\\\/serhs-con-musica-de-joaquin-soms-i-janer\\\/#breadcrumb\",\"itemListElement\":[{\"@type\":\"ListItem\",\"position\":1,\"name\":\"Inici\",\"item\":\"https:\\\/\\\/serhs.com\\\/es\\\/\"},{\"@type\":\"ListItem\",\"position\":2,\"name\":\"SERHS Inspira\",\"item\":\"https:\\\/\\\/serhs.com\\\/serhs-inspiracio\\\/\"},{\"@type\":\"ListItem\",\"position\":3,\"name\":\"Paseo por la historia\",\"item\":\"https:\\\/\\\/serhs.com\\\/es\\\/inspira_categoria\\\/paseo-por-la-historia\\\/\"},{\"@type\":\"ListItem\",\"position\":4,\"name\":\"SERHS con m\u00fasica de Joaqu\u00edn Soms i Janer\"}]},{\"@type\":\"WebSite\",\"@id\":\"https:\\\/\\\/serhs.com\\\/es\\\/#website\",\"url\":\"https:\\\/\\\/serhs.com\\\/es\\\/\",\"name\":\"SERHS\",\"description\":\"El primer grup Tur\u00edstic de Catalunya\",\"publisher\":{\"@id\":\"https:\\\/\\\/serhs.com\\\/es\\\/#organization\"},\"potentialAction\":[{\"@type\":\"SearchAction\",\"target\":{\"@type\":\"EntryPoint\",\"urlTemplate\":\"https:\\\/\\\/serhs.com\\\/es\\\/?s={search_term_string}\"},\"query-input\":{\"@type\":\"PropertyValueSpecification\",\"valueRequired\":true,\"valueName\":\"search_term_string\"}}],\"inLanguage\":\"es\"},{\"@type\":\"Organization\",\"@id\":\"https:\\\/\\\/serhs.com\\\/es\\\/#organization\",\"name\":\"SERHS\",\"url\":\"https:\\\/\\\/serhs.com\\\/es\\\/\",\"logo\":{\"@type\":\"ImageObject\",\"inLanguage\":\"es\",\"@id\":\"https:\\\/\\\/serhs.com\\\/es\\\/#\\\/schema\\\/logo\\\/image\\\/\",\"url\":\"https:\\\/\\\/serhs.com\\\/wp-content\\\/uploads\\\/2018\\\/05\\\/logoSERHS200.png\",\"contentUrl\":\"https:\\\/\\\/serhs.com\\\/wp-content\\\/uploads\\\/2018\\\/05\\\/logoSERHS200.png\",\"width\":200,\"height\":67,\"caption\":\"SERHS\"},\"image\":{\"@id\":\"https:\\\/\\\/serhs.com\\\/es\\\/#\\\/schema\\\/logo\\\/image\\\/\"},\"sameAs\":[\"https:\\\/\\\/www.facebook.com\\\/grupserhs\",\"https:\\\/\\\/www.linkedin.com\\\/company\\\/grup-serhs\",\"https:\\\/\\\/www.instagram.com\\\/serhsoficial\\\/\"]}]}<\/script>\n<!-- \/ Yoast SEO plugin. -->","yoast_head_json":{"title":"La SERHS con la m\u00fasica de Joaqu\u00edn Soms y Janer","description":"La SERHS con m\u00fasica de Joaqu\u00edn Soms y Janer, a qui\u00e9n Ramon Bag\u00f3 encarg\u00f3 la composici\u00f3n de una sardana, la Sardana de la SERHS","robots":{"index":"noindex","follow":"follow"},"og_locale":"es_ES","og_type":"article","og_title":"La SERHS con la m\u00fasica de Joaqu\u00edn Soms y Janer","og_description":"La SERHS con m\u00fasica de Joaqu\u00edn Soms y Janer, a qui\u00e9n Ramon Bag\u00f3 encarg\u00f3 la composici\u00f3n de una sardana, la Sardana de la SERHS","og_url":"https:\/\/serhs.com\/es\/serhs-inspiracio\/serhs-con-musica-de-joaquin-soms-i-janer\/","og_site_name":"SERHS","article_publisher":"https:\/\/www.facebook.com\/grupserhs","article_modified_time":"2022-03-07T15:45:55+00:00","og_image":[{"width":800,"height":600,"url":"https:\/\/serhs.com\/wp-content\/uploads\/2018\/06\/Sardana-SERHS-Autors.jpg","type":"image\/jpeg"}],"twitter_card":"summary_large_image","twitter_misc":{"Tiempo de lectura":"3 minutos"},"schema":{"@context":"https:\/\/schema.org","@graph":[{"@type":"WebPage","@id":"https:\/\/serhs.com\/es\/serhs-inspiracio\/serhs-con-musica-de-joaquin-soms-i-janer\/","url":"https:\/\/serhs.com\/es\/serhs-inspiracio\/serhs-con-musica-de-joaquin-soms-i-janer\/","name":"La SERHS con la m\u00fasica de Joaqu\u00edn Soms y Janer","isPartOf":{"@id":"https:\/\/serhs.com\/es\/#website"},"primaryImageOfPage":{"@id":"https:\/\/serhs.com\/es\/serhs-inspiracio\/serhs-con-musica-de-joaquin-soms-i-janer\/#primaryimage"},"image":{"@id":"https:\/\/serhs.com\/es\/serhs-inspiracio\/serhs-con-musica-de-joaquin-soms-i-janer\/#primaryimage"},"thumbnailUrl":"https:\/\/serhs.com\/wp-content\/uploads\/2018\/06\/Sardana-SERHS-Autors.jpg","datePublished":"2018-06-04T07:55:33+00:00","dateModified":"2022-03-07T15:45:55+00:00","description":"La SERHS con m\u00fasica de Joaqu\u00edn Soms y Janer, a qui\u00e9n Ramon Bag\u00f3 encarg\u00f3 la composici\u00f3n de una sardana, la Sardana de la SERHS","breadcrumb":{"@id":"https:\/\/serhs.com\/es\/serhs-inspiracio\/serhs-con-musica-de-joaquin-soms-i-janer\/#breadcrumb"},"inLanguage":"es","potentialAction":[{"@type":"ReadAction","target":["https:\/\/serhs.com\/es\/serhs-inspiracio\/serhs-con-musica-de-joaquin-soms-i-janer\/"]}]},{"@type":"ImageObject","inLanguage":"es","@id":"https:\/\/serhs.com\/es\/serhs-inspiracio\/serhs-con-musica-de-joaquin-soms-i-janer\/#primaryimage","url":"https:\/\/serhs.com\/wp-content\/uploads\/2018\/06\/Sardana-SERHS-Autors.jpg","contentUrl":"https:\/\/serhs.com\/wp-content\/uploads\/2018\/06\/Sardana-SERHS-Autors.jpg","width":800,"height":600,"caption":"Junts amb la SERHS \u00e9s el t\u00edtol de la sardana que \u00e9s himne de la SERHS"},{"@type":"BreadcrumbList","@id":"https:\/\/serhs.com\/es\/serhs-inspiracio\/serhs-con-musica-de-joaquin-soms-i-janer\/#breadcrumb","itemListElement":[{"@type":"ListItem","position":1,"name":"Inici","item":"https:\/\/serhs.com\/es\/"},{"@type":"ListItem","position":2,"name":"SERHS Inspira","item":"https:\/\/serhs.com\/serhs-inspiracio\/"},{"@type":"ListItem","position":3,"name":"Paseo por la historia","item":"https:\/\/serhs.com\/es\/inspira_categoria\/paseo-por-la-historia\/"},{"@type":"ListItem","position":4,"name":"SERHS con m\u00fasica de Joaqu\u00edn Soms i Janer"}]},{"@type":"WebSite","@id":"https:\/\/serhs.com\/es\/#website","url":"https:\/\/serhs.com\/es\/","name":"SERHS","description":"El primer grup Tur\u00edstic de Catalunya","publisher":{"@id":"https:\/\/serhs.com\/es\/#organization"},"potentialAction":[{"@type":"SearchAction","target":{"@type":"EntryPoint","urlTemplate":"https:\/\/serhs.com\/es\/?s={search_term_string}"},"query-input":{"@type":"PropertyValueSpecification","valueRequired":true,"valueName":"search_term_string"}}],"inLanguage":"es"},{"@type":"Organization","@id":"https:\/\/serhs.com\/es\/#organization","name":"SERHS","url":"https:\/\/serhs.com\/es\/","logo":{"@type":"ImageObject","inLanguage":"es","@id":"https:\/\/serhs.com\/es\/#\/schema\/logo\/image\/","url":"https:\/\/serhs.com\/wp-content\/uploads\/2018\/05\/logoSERHS200.png","contentUrl":"https:\/\/serhs.com\/wp-content\/uploads\/2018\/05\/logoSERHS200.png","width":200,"height":67,"caption":"SERHS"},"image":{"@id":"https:\/\/serhs.com\/es\/#\/schema\/logo\/image\/"},"sameAs":["https:\/\/www.facebook.com\/grupserhs","https:\/\/www.linkedin.com\/company\/grup-serhs","https:\/\/www.instagram.com\/serhsoficial\/"]}]}},"_links":{"self":[{"href":"https:\/\/serhs.com\/es\/wp-json\/wp\/v2\/avada_portfolio\/16338","targetHints":{"allow":["GET"]}}],"collection":[{"href":"https:\/\/serhs.com\/es\/wp-json\/wp\/v2\/avada_portfolio"}],"about":[{"href":"https:\/\/serhs.com\/es\/wp-json\/wp\/v2\/types\/avada_portfolio"}],"author":[{"embeddable":true,"href":"https:\/\/serhs.com\/es\/wp-json\/wp\/v2\/users\/19"}],"replies":[{"embeddable":true,"href":"https:\/\/serhs.com\/es\/wp-json\/wp\/v2\/comments?post=16338"}],"version-history":[{"count":0,"href":"https:\/\/serhs.com\/es\/wp-json\/wp\/v2\/avada_portfolio\/16338\/revisions"}],"wp:featuredmedia":[{"embeddable":true,"href":"https:\/\/serhs.com\/es\/wp-json\/wp\/v2\/media\/16366"}],"wp:attachment":[{"href":"https:\/\/serhs.com\/es\/wp-json\/wp\/v2\/media?parent=16338"}],"wp:term":[{"taxonomy":"portfolio_category","embeddable":true,"href":"https:\/\/serhs.com\/es\/wp-json\/wp\/v2\/portfolio_category?post=16338"},{"taxonomy":"portfolio_skills","embeddable":true,"href":"https:\/\/serhs.com\/es\/wp-json\/wp\/v2\/portfolio_skills?post=16338"},{"taxonomy":"portfolio_tags","embeddable":true,"href":"https:\/\/serhs.com\/es\/wp-json\/wp\/v2\/portfolio_tags?post=16338"}],"curies":[{"name":"wp","href":"https:\/\/api.w.org\/{rel}","templated":true}]}}