{"id":16432,"date":"2018-06-11T11:26:59","date_gmt":"2018-06-11T10:26:59","guid":{"rendered":"https:\/\/www.serhs.com\/serhs-inspiracio\/serhs-persones-que-inspiren-endinsat-en-el-nostre-adn\/"},"modified":"2022-03-07T16:49:03","modified_gmt":"2022-03-07T15:49:03","slug":"serhs-personas-que-inspiran-adentrate-en-nuestro-adn","status":"publish","type":"avada_portfolio","link":"https:\/\/serhs.com\/es\/serhs-inspiracio\/serhs-personas-que-inspiran-adentrate-en-nuestro-adn\/","title":{"rendered":"&#8216;SERHS, \u00a1Personas que inspiran!&#8217;: Ad\u00e9ntrate en nuestro ADN"},"content":{"rendered":"<h1>SERHS, \u00a1Personas que inspiran!&#8217;: Ad\u00e9ntrate en nuestro ADN<\/h1>\n<h2><b>Arranca la serie de breves encuentros con profesionales de la corporaci\u00f3n en la que os explicaremos en primera persona \u2018Qui\u00e9n somos\u2019 y &#8216;C\u00f3mo hacemos las cosas&#8217;<\/b><\/h2>\n<p>&nbsp;<\/p>\n<p>Si algo tienen en com\u00fan las y los profesionales de <strong>SERHS<\/strong> es el <strong>talento<\/strong> y, ellos mismos, nos explicar\u00e1n como lo entienden, c\u00f3mo lo utilizan en el trabajo e, incluso, cu\u00e1l es el talento compartido entre sus compa\u00f1eros. Sabemos que la <strong>inspiraci\u00f3n<\/strong> est\u00e1 en todas y cada uno de las personas que forman parte de nuestra compa\u00f1\u00eda. \u00a1 Y confiamos en ellas para explicarnos qu\u00e9 es SERHS!<\/p>\n<p>Con este primer &#8216;cap\u00edtulo&#8217;, estrenamos la serie de breves encuentros <strong>&#8216;SERHS, \u00a1Personas que inspiran!<\/strong>&#8216; Que, en los pr\u00f3ximos meses y en primera persona, te adentrar\u00e1 en nuestro ADN empresarial a trav\u00e9s de diferentes conceptos como son el compromiso, el trabajo en equipo o el esfuerzo, entre otros. El objetivo: conocer mejor <strong>SERHS<\/strong> a trav\u00e9s de explicar \u2018Qui\u00e9n somos\u2019 y &#8216;C\u00f3mo hacemos las cosas&#8217;, sin esl\u00f3ganes. Nuestros profesionales, que son personas a las que la inspiraci\u00f3n les llega de muchas maneras diferentes, ser\u00e1n los encargados de poner sobre la mesa todo lo que de alguna nos define como corporaci\u00f3n y que, d\u00eda a d\u00eda, nos inspira para hacer lo que hacemos.<\/p>\n<p>El primero de todos estos conceptos aborda, a trav\u00e9s de la mirada de profesionales de las cuatro divisiones de la corporaci\u00f3n, uno de estos aspectos &#8211; o en lenguaje \u2018ADN-\u00ednico\u2019 &#8211; uno de nuestros marcadores: el del <strong>#talento<\/strong>.<\/p>\n<div class=\"fusion-video fusion-youtube fusion-aligncenter\" style=\"--awb-max-width:560px;--awb-max-height:315px;--awb-width:100%;\"><div class=\"video-shortcode\"><div class=\"fluid-width-video-wrapper\" style=\"padding-top:56.25%;\" ><iframe title=\"YouTube video player 1\" src=\"https:\/\/www.youtube.com\/embed\/TWL4mOlSZyw?rel=0&amp;amp;showinfo=0?wmode=transparent&autoplay=0\" width=\"560\" height=\"315\" allowfullscreen allow=\"autoplay; clipboard-write; encrypted-media; gyroscope; picture-in-picture;\"><\/iframe><\/div><\/div><\/div>\n<p>&nbsp;<\/p>\n<p>Cada uno de estos &#8216;cap\u00edtulos&#8217; te aventurar\u00e1 en nuestra manera de ser y de hacer como corporaci\u00f3n con propuestas audiovisuales originales, espont\u00e1neas y algo improvisadas, desde la \u00f3ptica de aquellas personas que, cada d\u00eda, hacen posible el \u00e9xito de <strong>SERHS<\/strong>. Con una m\u00e1xima de Pablo Picasso de fondo que dec\u00eda algo as\u00ed como que <strong>&#8216;La inspiraci\u00f3n existe, pero tiene que encontrarte trabajando&#8217;<\/strong>.<\/p>\n","protected":false},"excerpt":{"rendered":"<p>Arranca la serie de breves encuentros con profesionales de la corporaci\u00f3n en la que os explicaremos en primera persona \u2018Qui\u00e9n somos\u2019 y &#8216;C\u00f3mo hacemos las cosas&#8217;.<\/p>\n","protected":false},"author":19,"featured_media":16428,"menu_order":0,"comment_status":"closed","ping_status":"closed","template":"","format":"standard","meta":{"footnotes":""},"portfolio_category":[117],"portfolio_skills":[],"portfolio_tags":[],"class_list":["post-16432","avada_portfolio","type-avada_portfolio","status-publish","format-standard","has-post-thumbnail","hentry","portfolio_category-personas-serhs"],"yoast_head":"<!-- This site is optimized with the Yoast SEO plugin v27.3 - https:\/\/yoast.com\/product\/yoast-seo-wordpress\/ -->\n<title>&#039;SERHS, Personas que inspiran!&#039;: Ad\u00e9ntrate en nuestro ADN SERHS<\/title>\n<meta name=\"description\" content=\"&#039;SERHS, Personas que inspiran!&#039;: Ad\u00e9ntrate en nuestro ADN. SERHS pone en marcha la serie de breves encuentros con profesionales de la corporaci\u00f3n para explicaros en primera persona &#039;Qui\u00e9nes somos&#039; y &#039;C\u00f3mo hacemos las cosas&#039;\" \/>\n<meta name=\"robots\" content=\"noindex, follow\" \/>\n<meta property=\"og:locale\" content=\"es_ES\" \/>\n<meta property=\"og:type\" content=\"article\" \/>\n<meta property=\"og:title\" content=\"&#039;SERHS, Personas que inspiran!&#039;: Ad\u00e9ntrate en nuestro ADN SERHS\" \/>\n<meta property=\"og:description\" content=\"&#039;SERHS, Personas que inspiran!&#039;: Ad\u00e9ntrate en nuestro ADN. SERHS pone en marcha la serie de breves encuentros con profesionales de la corporaci\u00f3n para explicaros en primera persona &#039;Qui\u00e9nes somos&#039; y &#039;C\u00f3mo hacemos las cosas&#039;\" \/>\n<meta property=\"og:url\" content=\"https:\/\/serhs.com\/es\/serhs-inspiracio\/serhs-personas-que-inspiran-adentrate-en-nuestro-adn\/\" \/>\n<meta property=\"og:site_name\" content=\"SERHS\" \/>\n<meta property=\"article:publisher\" content=\"https:\/\/www.facebook.com\/grupserhs\" \/>\n<meta property=\"article:modified_time\" content=\"2022-03-07T15:49:03+00:00\" \/>\n<meta property=\"og:image\" content=\"https:\/\/serhs.com\/wp-content\/uploads\/2018\/06\/SERHS-Persones-que-inspiren.jpg\" \/>\n\t<meta property=\"og:image:width\" content=\"800\" \/>\n\t<meta property=\"og:image:height\" content=\"600\" \/>\n\t<meta property=\"og:image:type\" content=\"image\/jpeg\" \/>\n<meta name=\"twitter:card\" content=\"summary_large_image\" \/>\n<meta name=\"twitter:label1\" content=\"Tiempo de lectura\" \/>\n\t<meta name=\"twitter:data1\" content=\"2 minutos\" \/>\n<script type=\"application\/ld+json\" class=\"yoast-schema-graph\">{\"@context\":\"https:\\\/\\\/schema.org\",\"@graph\":[{\"@type\":\"WebPage\",\"@id\":\"https:\\\/\\\/serhs.com\\\/es\\\/serhs-inspiracio\\\/serhs-personas-que-inspiran-adentrate-en-nuestro-adn\\\/\",\"url\":\"https:\\\/\\\/serhs.com\\\/es\\\/serhs-inspiracio\\\/serhs-personas-que-inspiran-adentrate-en-nuestro-adn\\\/\",\"name\":\"'SERHS, Personas que inspiran!': Ad\u00e9ntrate en nuestro ADN SERHS\",\"isPartOf\":{\"@id\":\"https:\\\/\\\/serhs.com\\\/es\\\/#website\"},\"primaryImageOfPage\":{\"@id\":\"https:\\\/\\\/serhs.com\\\/es\\\/serhs-inspiracio\\\/serhs-personas-que-inspiran-adentrate-en-nuestro-adn\\\/#primaryimage\"},\"image\":{\"@id\":\"https:\\\/\\\/serhs.com\\\/es\\\/serhs-inspiracio\\\/serhs-personas-que-inspiran-adentrate-en-nuestro-adn\\\/#primaryimage\"},\"thumbnailUrl\":\"https:\\\/\\\/serhs.com\\\/wp-content\\\/uploads\\\/2018\\\/06\\\/SERHS-Persones-que-inspiren.jpg\",\"datePublished\":\"2018-06-11T10:26:59+00:00\",\"dateModified\":\"2022-03-07T15:49:03+00:00\",\"description\":\"'SERHS, Personas que inspiran!': Ad\u00e9ntrate en nuestro ADN. SERHS pone en marcha la serie de breves encuentros con profesionales de la corporaci\u00f3n para explicaros en primera persona 'Qui\u00e9nes somos' y 'C\u00f3mo hacemos las cosas'\",\"breadcrumb\":{\"@id\":\"https:\\\/\\\/serhs.com\\\/es\\\/serhs-inspiracio\\\/serhs-personas-que-inspiran-adentrate-en-nuestro-adn\\\/#breadcrumb\"},\"inLanguage\":\"es\",\"potentialAction\":[{\"@type\":\"ReadAction\",\"target\":[\"https:\\\/\\\/serhs.com\\\/es\\\/serhs-inspiracio\\\/serhs-personas-que-inspiran-adentrate-en-nuestro-adn\\\/\"]}]},{\"@type\":\"ImageObject\",\"inLanguage\":\"es\",\"@id\":\"https:\\\/\\\/serhs.com\\\/es\\\/serhs-inspiracio\\\/serhs-personas-que-inspiran-adentrate-en-nuestro-adn\\\/#primaryimage\",\"url\":\"https:\\\/\\\/serhs.com\\\/wp-content\\\/uploads\\\/2018\\\/06\\\/SERHS-Persones-que-inspiren.jpg\",\"contentUrl\":\"https:\\\/\\\/serhs.com\\\/wp-content\\\/uploads\\\/2018\\\/06\\\/SERHS-Persones-que-inspiren.jpg\",\"width\":800,\"height\":600,\"caption\":\"\u2018SERHS, Persones que inspiren!\u2019: endinsa\u2019t en el nostre ADN\"},{\"@type\":\"BreadcrumbList\",\"@id\":\"https:\\\/\\\/serhs.com\\\/es\\\/serhs-inspiracio\\\/serhs-personas-que-inspiran-adentrate-en-nuestro-adn\\\/#breadcrumb\",\"itemListElement\":[{\"@type\":\"ListItem\",\"position\":1,\"name\":\"Inici\",\"item\":\"https:\\\/\\\/serhs.com\\\/es\\\/\"},{\"@type\":\"ListItem\",\"position\":2,\"name\":\"SERHS Inspira\",\"item\":\"https:\\\/\\\/serhs.com\\\/serhs-inspiracio\\\/\"},{\"@type\":\"ListItem\",\"position\":3,\"name\":\"Personas SERHS\",\"item\":\"https:\\\/\\\/serhs.com\\\/es\\\/inspira_categoria\\\/personas-serhs\\\/\"},{\"@type\":\"ListItem\",\"position\":4,\"name\":\"&#8216;SERHS, \u00a1Personas que inspiran!&#8217;: Ad\u00e9ntrate en nuestro ADN\"}]},{\"@type\":\"WebSite\",\"@id\":\"https:\\\/\\\/serhs.com\\\/es\\\/#website\",\"url\":\"https:\\\/\\\/serhs.com\\\/es\\\/\",\"name\":\"SERHS\",\"description\":\"El primer grup Tur\u00edstic de Catalunya\",\"publisher\":{\"@id\":\"https:\\\/\\\/serhs.com\\\/es\\\/#organization\"},\"potentialAction\":[{\"@type\":\"SearchAction\",\"target\":{\"@type\":\"EntryPoint\",\"urlTemplate\":\"https:\\\/\\\/serhs.com\\\/es\\\/?s={search_term_string}\"},\"query-input\":{\"@type\":\"PropertyValueSpecification\",\"valueRequired\":true,\"valueName\":\"search_term_string\"}}],\"inLanguage\":\"es\"},{\"@type\":\"Organization\",\"@id\":\"https:\\\/\\\/serhs.com\\\/es\\\/#organization\",\"name\":\"SERHS\",\"url\":\"https:\\\/\\\/serhs.com\\\/es\\\/\",\"logo\":{\"@type\":\"ImageObject\",\"inLanguage\":\"es\",\"@id\":\"https:\\\/\\\/serhs.com\\\/es\\\/#\\\/schema\\\/logo\\\/image\\\/\",\"url\":\"https:\\\/\\\/serhs.com\\\/wp-content\\\/uploads\\\/2018\\\/05\\\/logoSERHS200.png\",\"contentUrl\":\"https:\\\/\\\/serhs.com\\\/wp-content\\\/uploads\\\/2018\\\/05\\\/logoSERHS200.png\",\"width\":200,\"height\":67,\"caption\":\"SERHS\"},\"image\":{\"@id\":\"https:\\\/\\\/serhs.com\\\/es\\\/#\\\/schema\\\/logo\\\/image\\\/\"},\"sameAs\":[\"https:\\\/\\\/www.facebook.com\\\/grupserhs\",\"https:\\\/\\\/www.linkedin.com\\\/company\\\/grup-serhs\",\"https:\\\/\\\/www.instagram.com\\\/serhsoficial\\\/\"]}]}<\/script>\n<!-- \/ Yoast SEO plugin. -->","yoast_head_json":{"title":"'SERHS, Personas que inspiran!': Ad\u00e9ntrate en nuestro ADN SERHS","description":"'SERHS, Personas que inspiran!': Ad\u00e9ntrate en nuestro ADN. SERHS pone en marcha la serie de breves encuentros con profesionales de la corporaci\u00f3n para explicaros en primera persona 'Qui\u00e9nes somos' y 'C\u00f3mo hacemos las cosas'","robots":{"index":"noindex","follow":"follow"},"og_locale":"es_ES","og_type":"article","og_title":"'SERHS, Personas que inspiran!': Ad\u00e9ntrate en nuestro ADN SERHS","og_description":"'SERHS, Personas que inspiran!': Ad\u00e9ntrate en nuestro ADN. SERHS pone en marcha la serie de breves encuentros con profesionales de la corporaci\u00f3n para explicaros en primera persona 'Qui\u00e9nes somos' y 'C\u00f3mo hacemos las cosas'","og_url":"https:\/\/serhs.com\/es\/serhs-inspiracio\/serhs-personas-que-inspiran-adentrate-en-nuestro-adn\/","og_site_name":"SERHS","article_publisher":"https:\/\/www.facebook.com\/grupserhs","article_modified_time":"2022-03-07T15:49:03+00:00","og_image":[{"width":800,"height":600,"url":"https:\/\/serhs.com\/wp-content\/uploads\/2018\/06\/SERHS-Persones-que-inspiren.jpg","type":"image\/jpeg"}],"twitter_card":"summary_large_image","twitter_misc":{"Tiempo de lectura":"2 minutos"},"schema":{"@context":"https:\/\/schema.org","@graph":[{"@type":"WebPage","@id":"https:\/\/serhs.com\/es\/serhs-inspiracio\/serhs-personas-que-inspiran-adentrate-en-nuestro-adn\/","url":"https:\/\/serhs.com\/es\/serhs-inspiracio\/serhs-personas-que-inspiran-adentrate-en-nuestro-adn\/","name":"'SERHS, Personas que inspiran!': Ad\u00e9ntrate en nuestro ADN SERHS","isPartOf":{"@id":"https:\/\/serhs.com\/es\/#website"},"primaryImageOfPage":{"@id":"https:\/\/serhs.com\/es\/serhs-inspiracio\/serhs-personas-que-inspiran-adentrate-en-nuestro-adn\/#primaryimage"},"image":{"@id":"https:\/\/serhs.com\/es\/serhs-inspiracio\/serhs-personas-que-inspiran-adentrate-en-nuestro-adn\/#primaryimage"},"thumbnailUrl":"https:\/\/serhs.com\/wp-content\/uploads\/2018\/06\/SERHS-Persones-que-inspiren.jpg","datePublished":"2018-06-11T10:26:59+00:00","dateModified":"2022-03-07T15:49:03+00:00","description":"'SERHS, Personas que inspiran!': Ad\u00e9ntrate en nuestro ADN. SERHS pone en marcha la serie de breves encuentros con profesionales de la corporaci\u00f3n para explicaros en primera persona 'Qui\u00e9nes somos' y 'C\u00f3mo hacemos las cosas'","breadcrumb":{"@id":"https:\/\/serhs.com\/es\/serhs-inspiracio\/serhs-personas-que-inspiran-adentrate-en-nuestro-adn\/#breadcrumb"},"inLanguage":"es","potentialAction":[{"@type":"ReadAction","target":["https:\/\/serhs.com\/es\/serhs-inspiracio\/serhs-personas-que-inspiran-adentrate-en-nuestro-adn\/"]}]},{"@type":"ImageObject","inLanguage":"es","@id":"https:\/\/serhs.com\/es\/serhs-inspiracio\/serhs-personas-que-inspiran-adentrate-en-nuestro-adn\/#primaryimage","url":"https:\/\/serhs.com\/wp-content\/uploads\/2018\/06\/SERHS-Persones-que-inspiren.jpg","contentUrl":"https:\/\/serhs.com\/wp-content\/uploads\/2018\/06\/SERHS-Persones-que-inspiren.jpg","width":800,"height":600,"caption":"\u2018SERHS, Persones que inspiren!\u2019: endinsa\u2019t en el nostre ADN"},{"@type":"BreadcrumbList","@id":"https:\/\/serhs.com\/es\/serhs-inspiracio\/serhs-personas-que-inspiran-adentrate-en-nuestro-adn\/#breadcrumb","itemListElement":[{"@type":"ListItem","position":1,"name":"Inici","item":"https:\/\/serhs.com\/es\/"},{"@type":"ListItem","position":2,"name":"SERHS Inspira","item":"https:\/\/serhs.com\/serhs-inspiracio\/"},{"@type":"ListItem","position":3,"name":"Personas SERHS","item":"https:\/\/serhs.com\/es\/inspira_categoria\/personas-serhs\/"},{"@type":"ListItem","position":4,"name":"&#8216;SERHS, \u00a1Personas que inspiran!&#8217;: Ad\u00e9ntrate en nuestro ADN"}]},{"@type":"WebSite","@id":"https:\/\/serhs.com\/es\/#website","url":"https:\/\/serhs.com\/es\/","name":"SERHS","description":"El primer grup Tur\u00edstic de Catalunya","publisher":{"@id":"https:\/\/serhs.com\/es\/#organization"},"potentialAction":[{"@type":"SearchAction","target":{"@type":"EntryPoint","urlTemplate":"https:\/\/serhs.com\/es\/?s={search_term_string}"},"query-input":{"@type":"PropertyValueSpecification","valueRequired":true,"valueName":"search_term_string"}}],"inLanguage":"es"},{"@type":"Organization","@id":"https:\/\/serhs.com\/es\/#organization","name":"SERHS","url":"https:\/\/serhs.com\/es\/","logo":{"@type":"ImageObject","inLanguage":"es","@id":"https:\/\/serhs.com\/es\/#\/schema\/logo\/image\/","url":"https:\/\/serhs.com\/wp-content\/uploads\/2018\/05\/logoSERHS200.png","contentUrl":"https:\/\/serhs.com\/wp-content\/uploads\/2018\/05\/logoSERHS200.png","width":200,"height":67,"caption":"SERHS"},"image":{"@id":"https:\/\/serhs.com\/es\/#\/schema\/logo\/image\/"},"sameAs":["https:\/\/www.facebook.com\/grupserhs","https:\/\/www.linkedin.com\/company\/grup-serhs","https:\/\/www.instagram.com\/serhsoficial\/"]}]}},"_links":{"self":[{"href":"https:\/\/serhs.com\/es\/wp-json\/wp\/v2\/avada_portfolio\/16432","targetHints":{"allow":["GET"]}}],"collection":[{"href":"https:\/\/serhs.com\/es\/wp-json\/wp\/v2\/avada_portfolio"}],"about":[{"href":"https:\/\/serhs.com\/es\/wp-json\/wp\/v2\/types\/avada_portfolio"}],"author":[{"embeddable":true,"href":"https:\/\/serhs.com\/es\/wp-json\/wp\/v2\/users\/19"}],"replies":[{"embeddable":true,"href":"https:\/\/serhs.com\/es\/wp-json\/wp\/v2\/comments?post=16432"}],"version-history":[{"count":0,"href":"https:\/\/serhs.com\/es\/wp-json\/wp\/v2\/avada_portfolio\/16432\/revisions"}],"wp:featuredmedia":[{"embeddable":true,"href":"https:\/\/serhs.com\/es\/wp-json\/wp\/v2\/media\/16428"}],"wp:attachment":[{"href":"https:\/\/serhs.com\/es\/wp-json\/wp\/v2\/media?parent=16432"}],"wp:term":[{"taxonomy":"portfolio_category","embeddable":true,"href":"https:\/\/serhs.com\/es\/wp-json\/wp\/v2\/portfolio_category?post=16432"},{"taxonomy":"portfolio_skills","embeddable":true,"href":"https:\/\/serhs.com\/es\/wp-json\/wp\/v2\/portfolio_skills?post=16432"},{"taxonomy":"portfolio_tags","embeddable":true,"href":"https:\/\/serhs.com\/es\/wp-json\/wp\/v2\/portfolio_tags?post=16432"}],"curies":[{"name":"wp","href":"https:\/\/api.w.org\/{rel}","templated":true}]}}