{"id":16587,"date":"2018-06-18T12:50:48","date_gmt":"2018-06-18T11:50:48","guid":{"rendered":"https:\/\/www.serhs.com\/serhs-inspiracio\/estres-laboral-aposteu-pel-mindfulness\/"},"modified":"2018-08-21T13:35:39","modified_gmt":"2018-08-21T11:35:39","slug":"estres-laboral-aposteu-pel-mindfulness","status":"publish","type":"avada_portfolio","link":"https:\/\/serhs.com\/es\/serhs-inspiracio\/estres-laboral-aposteu-pel-mindfulness\/","title":{"rendered":"\u00bfEstr\u00e9s laboral? Apueste por Mindfulness"},"content":{"rendered":"<h1>\u00bfEstr\u00e9s laboral? Apueste por Mindfulness<\/h1>\n<h2><b>El coste econ\u00f3mico del estr\u00e9s en el trabajo en la Uni\u00f3n Europea es mucho mayor de lo que imaginamos<\/b><\/h2>\n<p>&nbsp;<\/p>\n<p>Uno de los factores psicosociales que mayor afecta, en negativo, en el \u00e1mbito del trabajo es el <strong>estr\u00e9s laboral<\/strong>. El informe UE-OSHA 2015, de la Agencia Europea para la Seguridad y la Salud en el Trabajo, indica que el estr\u00e9s es el segundo problema, m\u00e1s frecuente a nivel europeo, relacionado con el trabajo con una afectaci\u00f3n de al menos a uno de cada cinco trabajadores europeos.<\/p>\n<p>El estr\u00e9s laboral tiene un impacto negativo sobre la salud. Hay que tener en cuenta que se relacionan con el estr\u00e9s los problemas cardiovasculares, del sistema inmunol\u00f3gico, algunos trastornos de alimentaci\u00f3n y estados an\u00edmicos como la ansiedad. Adem\u00e1s, el exceso de consumo de estimulantes, como caf\u00e9, o sustancias t\u00f3xicas como el tabaco y el alcohol, tienen una estrecha relaci\u00f3n con el estado emocional y psicol\u00f3gico al respecto.<\/p>\n<p>Pero, adem\u00e1s, la econom\u00eda tambi\u00e9n sufre las consecuencias. La EU-OSHA calcula que el <strong>estr\u00e9s de los trabajadores<\/strong> tiene un coste de 136.000 millones de euros al a\u00f1o, es decir, entre el 2,6% y el 3,8% del Producto Interior Bruto (PIB) comunitario.<\/p>\n<p><strong>Y, \u00bfc\u00f3mo nos puede ayudar el Mindfulness?<\/strong><br \/>\nTal y como explica la Birgit Heuts, directora del \u00e1rea Prevenci\u00f3n de Riesgos Laborales de <a href=\"https:\/\/serhsserveis.com\/es\/\" target=\"_blank\" rel=\"noopener\">SERHS Serveis<\/a>, e instructora en Mindfulness y nivel practicum del Programa de Reducci\u00f3n del Estr\u00e9s Basado en Mindfulness (MBRS), <strong>\u00ablas t\u00e9cnicas del Mindfulness est\u00e1n basadas en enfocar la atenci\u00f3n al presente a trav\u00e9s de un entrenamiento con t\u00e9cnicas de atenci\u00f3n a la respiraci\u00f3n y, de forma progresiva, a enfocar la atenci\u00f3n a las sensaciones del cuerpo, los pensamientos, las emociones; llegando as\u00ed a una auto-regulaci\u00f3n de la conducta y manteniendo un equilibrio que favorece la gesti\u00f3n de los cambios\u00bb<\/strong>.<\/p>\n<p>Birgit Heuts detalla que <strong>\u00abllevando la atenci\u00f3n al presente, se compensar\u00eda la tendencia insana a reflexionar sobre hechos pasados desagradables o futuros de manera obsesiva. La toma de im\u00e1genes del cerebro (resonancias magn\u00e9ticas), a trav\u00e9s de estudios basados en un programa de Mindfulness para reducir el estr\u00e9s, la pr\u00e1ctica habitual de las t\u00e9cnicas y meditaciones basadas en la atenci\u00f3n plena act\u00faan sobre el cerebro, incrementando la densidad de materia gris en el hipocampo, una regi\u00f3n con forma de caballito de mar directamente vinculada al aprendizaje y la memoria\u00bb<\/strong>.<\/p>\n<p>Seg\u00fan a Heuts, <strong>\u00abcon la pr\u00e1ctica de la atenci\u00f3n plena se desarrolla m\u00e1s conciencia sobre nuestros factores estresantes, las causas y consecuencias y se buscan estrategias de afrontamiento que nos permiten <a href=\"https:\/\/serhsserveis.com\/es\/prevencion-de-riesgos-laborales-y-asesores-en-inspecciones-de-trabajo\/\" target=\"_blank\" rel=\"noopener\">disminuir el efecto nocivo sobre nuestra salud<\/a>. Desarrollar una mayor aceptaci\u00f3n de nosotros mismos y de los dem\u00e1s, y poder gestionar los cambios, nos permite llegar a unos niveles de resiliencia que disminuyen el sufrimiento que, en demasiadas ocasiones, se experimenta cuando hay una mala adaptaci\u00f3n a las situaciones adversas\u00bb<\/strong>.<\/p>\n<div class=\"fusion-video fusion-youtube fusion-aligncenter\" style=\"--awb-max-width:560px;--awb-max-height:315px;--awb-width:100%;\"><div class=\"video-shortcode\"><div class=\"fluid-width-video-wrapper\" style=\"padding-top:56.25%;\" ><iframe title=\"YouTube video player 1\" src=\"https:\/\/www.youtube.com\/embed\/vAbLIGCSOGE?rel=0&amp;amp;showinfo=0?wmode=transparent&autoplay=0\" width=\"560\" height=\"315\" allowfullscreen allow=\"autoplay; clipboard-write; encrypted-media; gyroscope; picture-in-picture;\"><\/iframe><\/div><\/div><\/div>\n<p>&nbsp;<\/p>\n<p><strong>\u00bfEn qu\u00e9 consiste el Programa MRBS y cu\u00e1les son sus objetivos?<\/strong><br \/>\nEl MBSR es un <a href=\"https:\/\/serhsserveis.com\/es\/sabes-que-es-el-mindfulness-te-explicamos-como-te-puede-hacer-la-vida-mas-facil\/\" target=\"_blank\" rel=\"noopener\">programa formativo de car\u00e1cter psicoeducativo<\/a>, que se imparte en grupo y que, seg\u00fan estudios especializados, puede ser \u00fatil para prevenir los factores psicosociales y, sobre todo, para prevenir el <strong>estr\u00e9s laboral<\/strong>.<br \/>\nLos objetivos de este programa son:<\/p>\n<ul>\n<li>Desarrollar la conciencia del momento presente para prevenir el estr\u00e9s y mejorar la efectividad personal.<\/li>\n<li>Aprender a relajar la mente y el cuerpo, desconectando despu\u00e9s de una jornada de tensi\u00f3n.<\/li>\n<li>Reconocer el poder de las emociones y mejorar la inteligencia emocional, practicando la regulaci\u00f3n emocional.<\/li>\n<li>Practicar la comunicaci\u00f3n consciente, asertiva y no violenta en momentos de crisis.<\/li>\n<li>Mejorar la organizaci\u00f3n y la gesti\u00f3n del tiempo, asignando prioridades de forma consciente<\/li>\n<\/ul>\n<p>La clave de un Programa de Reducci\u00f3n del Estr\u00e9s basado en el Mindfulness (MBRS) es buscar c\u00f3mo gestionar internamente las situaciones desagradables provocadas por factores externos, sobre los que uno mismo no tiene ning\u00fan poder de cambiarlos. Podemos actuar sobre nuestros h\u00e1bitos y aprender a gestionar mejor nuestras emociones para cambiar nuestra actitud ante la vida.<\/p>\n","protected":false},"excerpt":{"rendered":"<p>El coste econ\u00f3mico del estr\u00e9s en el trabajo en la Uni\u00f3n Europea es mucho mayor de lo que imaginamos.<\/p>\n","protected":false},"author":19,"featured_media":16593,"menu_order":0,"comment_status":"closed","ping_status":"closed","template":"","format":"standard","meta":{"footnotes":""},"portfolio_category":[],"portfolio_skills":[],"portfolio_tags":[],"class_list":["post-16587","avada_portfolio","type-avada_portfolio","status-publish","format-standard","has-post-thumbnail","hentry"],"yoast_head":"<!-- This site is optimized with the Yoast SEO plugin v27.3 - https:\/\/yoast.com\/product\/yoast-seo-wordpress\/ -->\n<title>\u00bfEstr\u00e9s laboral? Apostad por el Mindfulness l PRL SERHS<\/title>\n<meta name=\"description\" content=\"El coste econ\u00f3mico del estr\u00e9s en el trabajo en la Uni\u00f3n Europea es mucho mayor de lo que imaginamos. Mindfulness te ayuda a evitar esta problem\u00e1tica.\" \/>\n<meta name=\"robots\" content=\"noindex, follow\" \/>\n<meta property=\"og:locale\" content=\"es_ES\" \/>\n<meta property=\"og:type\" content=\"article\" \/>\n<meta property=\"og:title\" content=\"\u00bfEstr\u00e9s laboral? Apostad por el Mindfulness l PRL SERHS\" \/>\n<meta property=\"og:description\" content=\"El coste econ\u00f3mico del estr\u00e9s en el trabajo en la Uni\u00f3n Europea es mucho mayor de lo que imaginamos. Mindfulness te ayuda a evitar esta problem\u00e1tica.\" \/>\n<meta property=\"og:url\" content=\"https:\/\/serhs.com\/es\/serhs-inspiracio\/estres-laboral-aposteu-pel-mindfulness\/\" \/>\n<meta property=\"og:site_name\" content=\"SERHS\" \/>\n<meta property=\"article:publisher\" content=\"https:\/\/www.facebook.com\/grupserhs\" \/>\n<meta property=\"article:modified_time\" content=\"2018-08-21T11:35:39+00:00\" \/>\n<meta property=\"og:image\" content=\"https:\/\/serhs.com\/wp-content\/uploads\/2018\/06\/estres-laboral-apueste-por-mindfulness.jpg\" \/>\n\t<meta property=\"og:image:width\" content=\"800\" \/>\n\t<meta property=\"og:image:height\" content=\"600\" \/>\n\t<meta property=\"og:image:type\" content=\"image\/jpeg\" \/>\n<meta name=\"twitter:card\" content=\"summary_large_image\" \/>\n<meta name=\"twitter:label1\" content=\"Tiempo de lectura\" \/>\n\t<meta name=\"twitter:data1\" content=\"4 minutos\" \/>\n<script type=\"application\/ld+json\" class=\"yoast-schema-graph\">{\"@context\":\"https:\\\/\\\/schema.org\",\"@graph\":[{\"@type\":\"WebPage\",\"@id\":\"https:\\\/\\\/serhs.com\\\/es\\\/serhs-inspiracio\\\/estres-laboral-aposteu-pel-mindfulness\\\/\",\"url\":\"https:\\\/\\\/serhs.com\\\/es\\\/serhs-inspiracio\\\/estres-laboral-aposteu-pel-mindfulness\\\/\",\"name\":\"\u00bfEstr\u00e9s laboral? Apostad por el Mindfulness l PRL SERHS\",\"isPartOf\":{\"@id\":\"https:\\\/\\\/serhs.com\\\/es\\\/#website\"},\"primaryImageOfPage\":{\"@id\":\"https:\\\/\\\/serhs.com\\\/es\\\/serhs-inspiracio\\\/estres-laboral-aposteu-pel-mindfulness\\\/#primaryimage\"},\"image\":{\"@id\":\"https:\\\/\\\/serhs.com\\\/es\\\/serhs-inspiracio\\\/estres-laboral-aposteu-pel-mindfulness\\\/#primaryimage\"},\"thumbnailUrl\":\"https:\\\/\\\/serhs.com\\\/wp-content\\\/uploads\\\/2018\\\/06\\\/estres-laboral-apueste-por-mindfulness.jpg\",\"datePublished\":\"2018-06-18T11:50:48+00:00\",\"dateModified\":\"2018-08-21T11:35:39+00:00\",\"description\":\"El coste econ\u00f3mico del estr\u00e9s en el trabajo en la Uni\u00f3n Europea es mucho mayor de lo que imaginamos. Mindfulness te ayuda a evitar esta problem\u00e1tica.\",\"breadcrumb\":{\"@id\":\"https:\\\/\\\/serhs.com\\\/es\\\/serhs-inspiracio\\\/estres-laboral-aposteu-pel-mindfulness\\\/#breadcrumb\"},\"inLanguage\":\"es\",\"potentialAction\":[{\"@type\":\"ReadAction\",\"target\":[\"https:\\\/\\\/serhs.com\\\/es\\\/serhs-inspiracio\\\/estres-laboral-aposteu-pel-mindfulness\\\/\"]}]},{\"@type\":\"ImageObject\",\"inLanguage\":\"es\",\"@id\":\"https:\\\/\\\/serhs.com\\\/es\\\/serhs-inspiracio\\\/estres-laboral-aposteu-pel-mindfulness\\\/#primaryimage\",\"url\":\"https:\\\/\\\/serhs.com\\\/wp-content\\\/uploads\\\/2018\\\/06\\\/estres-laboral-apueste-por-mindfulness.jpg\",\"contentUrl\":\"https:\\\/\\\/serhs.com\\\/wp-content\\\/uploads\\\/2018\\\/06\\\/estres-laboral-apueste-por-mindfulness.jpg\",\"width\":800,\"height\":600},{\"@type\":\"BreadcrumbList\",\"@id\":\"https:\\\/\\\/serhs.com\\\/es\\\/serhs-inspiracio\\\/estres-laboral-aposteu-pel-mindfulness\\\/#breadcrumb\",\"itemListElement\":[{\"@type\":\"ListItem\",\"position\":1,\"name\":\"Inici\",\"item\":\"https:\\\/\\\/serhs.com\\\/es\\\/\"},{\"@type\":\"ListItem\",\"position\":2,\"name\":\"SERHS Inspira\",\"item\":\"https:\\\/\\\/serhs.com\\\/serhs-inspiracio\\\/\"},{\"@type\":\"ListItem\",\"position\":3,\"name\":\"\u00bfEstr\u00e9s laboral? Apueste por Mindfulness\"}]},{\"@type\":\"WebSite\",\"@id\":\"https:\\\/\\\/serhs.com\\\/es\\\/#website\",\"url\":\"https:\\\/\\\/serhs.com\\\/es\\\/\",\"name\":\"SERHS\",\"description\":\"El primer grup Tur\u00edstic de Catalunya\",\"publisher\":{\"@id\":\"https:\\\/\\\/serhs.com\\\/es\\\/#organization\"},\"potentialAction\":[{\"@type\":\"SearchAction\",\"target\":{\"@type\":\"EntryPoint\",\"urlTemplate\":\"https:\\\/\\\/serhs.com\\\/es\\\/?s={search_term_string}\"},\"query-input\":{\"@type\":\"PropertyValueSpecification\",\"valueRequired\":true,\"valueName\":\"search_term_string\"}}],\"inLanguage\":\"es\"},{\"@type\":\"Organization\",\"@id\":\"https:\\\/\\\/serhs.com\\\/es\\\/#organization\",\"name\":\"SERHS\",\"url\":\"https:\\\/\\\/serhs.com\\\/es\\\/\",\"logo\":{\"@type\":\"ImageObject\",\"inLanguage\":\"es\",\"@id\":\"https:\\\/\\\/serhs.com\\\/es\\\/#\\\/schema\\\/logo\\\/image\\\/\",\"url\":\"https:\\\/\\\/serhs.com\\\/wp-content\\\/uploads\\\/2018\\\/05\\\/logoSERHS200.png\",\"contentUrl\":\"https:\\\/\\\/serhs.com\\\/wp-content\\\/uploads\\\/2018\\\/05\\\/logoSERHS200.png\",\"width\":200,\"height\":67,\"caption\":\"SERHS\"},\"image\":{\"@id\":\"https:\\\/\\\/serhs.com\\\/es\\\/#\\\/schema\\\/logo\\\/image\\\/\"},\"sameAs\":[\"https:\\\/\\\/www.facebook.com\\\/grupserhs\",\"https:\\\/\\\/www.linkedin.com\\\/company\\\/grup-serhs\",\"https:\\\/\\\/www.instagram.com\\\/serhsoficial\\\/\"]}]}<\/script>\n<!-- \/ Yoast SEO plugin. -->","yoast_head_json":{"title":"\u00bfEstr\u00e9s laboral? Apostad por el Mindfulness l PRL SERHS","description":"El coste econ\u00f3mico del estr\u00e9s en el trabajo en la Uni\u00f3n Europea es mucho mayor de lo que imaginamos. Mindfulness te ayuda a evitar esta problem\u00e1tica.","robots":{"index":"noindex","follow":"follow"},"og_locale":"es_ES","og_type":"article","og_title":"\u00bfEstr\u00e9s laboral? Apostad por el Mindfulness l PRL SERHS","og_description":"El coste econ\u00f3mico del estr\u00e9s en el trabajo en la Uni\u00f3n Europea es mucho mayor de lo que imaginamos. Mindfulness te ayuda a evitar esta problem\u00e1tica.","og_url":"https:\/\/serhs.com\/es\/serhs-inspiracio\/estres-laboral-aposteu-pel-mindfulness\/","og_site_name":"SERHS","article_publisher":"https:\/\/www.facebook.com\/grupserhs","article_modified_time":"2018-08-21T11:35:39+00:00","og_image":[{"width":800,"height":600,"url":"https:\/\/serhs.com\/wp-content\/uploads\/2018\/06\/estres-laboral-apueste-por-mindfulness.jpg","type":"image\/jpeg"}],"twitter_card":"summary_large_image","twitter_misc":{"Tiempo de lectura":"4 minutos"},"schema":{"@context":"https:\/\/schema.org","@graph":[{"@type":"WebPage","@id":"https:\/\/serhs.com\/es\/serhs-inspiracio\/estres-laboral-aposteu-pel-mindfulness\/","url":"https:\/\/serhs.com\/es\/serhs-inspiracio\/estres-laboral-aposteu-pel-mindfulness\/","name":"\u00bfEstr\u00e9s laboral? Apostad por el Mindfulness l PRL SERHS","isPartOf":{"@id":"https:\/\/serhs.com\/es\/#website"},"primaryImageOfPage":{"@id":"https:\/\/serhs.com\/es\/serhs-inspiracio\/estres-laboral-aposteu-pel-mindfulness\/#primaryimage"},"image":{"@id":"https:\/\/serhs.com\/es\/serhs-inspiracio\/estres-laboral-aposteu-pel-mindfulness\/#primaryimage"},"thumbnailUrl":"https:\/\/serhs.com\/wp-content\/uploads\/2018\/06\/estres-laboral-apueste-por-mindfulness.jpg","datePublished":"2018-06-18T11:50:48+00:00","dateModified":"2018-08-21T11:35:39+00:00","description":"El coste econ\u00f3mico del estr\u00e9s en el trabajo en la Uni\u00f3n Europea es mucho mayor de lo que imaginamos. Mindfulness te ayuda a evitar esta problem\u00e1tica.","breadcrumb":{"@id":"https:\/\/serhs.com\/es\/serhs-inspiracio\/estres-laboral-aposteu-pel-mindfulness\/#breadcrumb"},"inLanguage":"es","potentialAction":[{"@type":"ReadAction","target":["https:\/\/serhs.com\/es\/serhs-inspiracio\/estres-laboral-aposteu-pel-mindfulness\/"]}]},{"@type":"ImageObject","inLanguage":"es","@id":"https:\/\/serhs.com\/es\/serhs-inspiracio\/estres-laboral-aposteu-pel-mindfulness\/#primaryimage","url":"https:\/\/serhs.com\/wp-content\/uploads\/2018\/06\/estres-laboral-apueste-por-mindfulness.jpg","contentUrl":"https:\/\/serhs.com\/wp-content\/uploads\/2018\/06\/estres-laboral-apueste-por-mindfulness.jpg","width":800,"height":600},{"@type":"BreadcrumbList","@id":"https:\/\/serhs.com\/es\/serhs-inspiracio\/estres-laboral-aposteu-pel-mindfulness\/#breadcrumb","itemListElement":[{"@type":"ListItem","position":1,"name":"Inici","item":"https:\/\/serhs.com\/es\/"},{"@type":"ListItem","position":2,"name":"SERHS Inspira","item":"https:\/\/serhs.com\/serhs-inspiracio\/"},{"@type":"ListItem","position":3,"name":"\u00bfEstr\u00e9s laboral? Apueste por Mindfulness"}]},{"@type":"WebSite","@id":"https:\/\/serhs.com\/es\/#website","url":"https:\/\/serhs.com\/es\/","name":"SERHS","description":"El primer grup Tur\u00edstic de Catalunya","publisher":{"@id":"https:\/\/serhs.com\/es\/#organization"},"potentialAction":[{"@type":"SearchAction","target":{"@type":"EntryPoint","urlTemplate":"https:\/\/serhs.com\/es\/?s={search_term_string}"},"query-input":{"@type":"PropertyValueSpecification","valueRequired":true,"valueName":"search_term_string"}}],"inLanguage":"es"},{"@type":"Organization","@id":"https:\/\/serhs.com\/es\/#organization","name":"SERHS","url":"https:\/\/serhs.com\/es\/","logo":{"@type":"ImageObject","inLanguage":"es","@id":"https:\/\/serhs.com\/es\/#\/schema\/logo\/image\/","url":"https:\/\/serhs.com\/wp-content\/uploads\/2018\/05\/logoSERHS200.png","contentUrl":"https:\/\/serhs.com\/wp-content\/uploads\/2018\/05\/logoSERHS200.png","width":200,"height":67,"caption":"SERHS"},"image":{"@id":"https:\/\/serhs.com\/es\/#\/schema\/logo\/image\/"},"sameAs":["https:\/\/www.facebook.com\/grupserhs","https:\/\/www.linkedin.com\/company\/grup-serhs","https:\/\/www.instagram.com\/serhsoficial\/"]}]}},"_links":{"self":[{"href":"https:\/\/serhs.com\/es\/wp-json\/wp\/v2\/avada_portfolio\/16587","targetHints":{"allow":["GET"]}}],"collection":[{"href":"https:\/\/serhs.com\/es\/wp-json\/wp\/v2\/avada_portfolio"}],"about":[{"href":"https:\/\/serhs.com\/es\/wp-json\/wp\/v2\/types\/avada_portfolio"}],"author":[{"embeddable":true,"href":"https:\/\/serhs.com\/es\/wp-json\/wp\/v2\/users\/19"}],"replies":[{"embeddable":true,"href":"https:\/\/serhs.com\/es\/wp-json\/wp\/v2\/comments?post=16587"}],"version-history":[{"count":0,"href":"https:\/\/serhs.com\/es\/wp-json\/wp\/v2\/avada_portfolio\/16587\/revisions"}],"wp:featuredmedia":[{"embeddable":true,"href":"https:\/\/serhs.com\/es\/wp-json\/wp\/v2\/media\/16593"}],"wp:attachment":[{"href":"https:\/\/serhs.com\/es\/wp-json\/wp\/v2\/media?parent=16587"}],"wp:term":[{"taxonomy":"portfolio_category","embeddable":true,"href":"https:\/\/serhs.com\/es\/wp-json\/wp\/v2\/portfolio_category?post=16587"},{"taxonomy":"portfolio_skills","embeddable":true,"href":"https:\/\/serhs.com\/es\/wp-json\/wp\/v2\/portfolio_skills?post=16587"},{"taxonomy":"portfolio_tags","embeddable":true,"href":"https:\/\/serhs.com\/es\/wp-json\/wp\/v2\/portfolio_tags?post=16587"}],"curies":[{"name":"wp","href":"https:\/\/api.w.org\/{rel}","templated":true}]}}