{"id":16733,"date":"2018-06-22T09:57:17","date_gmt":"2018-06-22T08:57:17","guid":{"rendered":"https:\/\/www.serhs.com\/?post_type=avada_portfolio&#038;p=16733"},"modified":"2022-09-19T09:53:26","modified_gmt":"2022-09-19T07:53:26","slug":"vacaciones-con-ninos-la-familia-se-escapa-al-vilar-rural","status":"publish","type":"avada_portfolio","link":"https:\/\/serhs.com\/es\/serhs-inspiracio\/vacaciones-con-ninos-la-familia-se-escapa-al-vilar-rural\/","title":{"rendered":"Vacaciones con ni\u00f1os: \u00a1la familia se escapa al Vilar Rural!"},"content":{"rendered":"<h1>Vacaciones con ni\u00f1os: \u00a1la familia se escapa al Vilar Rural!<\/h1>\n<h2><strong>Los Vilars Rurals de Cardona, Sant Hilari y Arnes son la mejor opci\u00f3n para unas vacaciones en familia con los m\u00e1s peque\u00f1os de la casa<\/strong><\/h2>\n<p>Se acabaron las clases y toca planificar las <strong>vacaciones de verano<\/strong> mientras los ni\u00f1os est\u00e1n en de colonias. Y&#8230; \u00bfd\u00f3nde nos escapamos toda la familia? La respuesta es sencilla y el destino muy cercano: los <strong>Vilars Rurals de Cardona, Arnes y Sant Hilari<\/strong> os est\u00e1n esperando y son el lugar ideal para pasar unos d\u00edas de vacaciones o hacer una escapada en familia donde, los m\u00e1s peque\u00f1os, puedan disfrutar de un rico entorno natural y de actividades pensadas para compartir con los padres. La respuesta es s\u00ed, se puede hacer turismo rural en familia del que disfrutar todos juntos.<\/p>\n<p>Este verano, por ejemplo, <a href=\"http:\/\/www.vilarsrurals.com\/es\/vilar-rural-arnes\/ofertas\/fiesta-mayor-arnes\">el <strong>Vilar Rural de Arnes <\/strong>se vestir\u00e1 de fiesta mayor del 6 al 8 de julio<\/a>, en la que participar\u00e1 el Cap Gros del Vilar, habr\u00e1 bailes de gigantes, cine al aire libre y una s\u00faper fiesta de la espuma, entre otras muchas actividades para <strong>disfrutar en familia,<\/strong> con las que ni ni\u00f1os ni padres tendr\u00e1n tiempo de aburrirse.<\/p>\n<p><img decoding=\"async\" class=\"wp-image-16734 size-800\" src=\"https:\/\/serhs.com\/wp-content\/uploads\/2018\/06\/WEB-Nens-a-la-piscina-min-1-800x600.jpg\" alt=\"La mejores vacaciones de la famliia son en un Vilar Rural\" width=\"800\" height=\"600\" srcset=\"https:\/\/serhs.com\/wp-content\/uploads\/2018\/06\/WEB-Nens-a-la-piscina-min-1-200x150.jpg 200w, https:\/\/serhs.com\/wp-content\/uploads\/2018\/06\/WEB-Nens-a-la-piscina-min-1-300x225.jpg 300w, https:\/\/serhs.com\/wp-content\/uploads\/2018\/06\/WEB-Nens-a-la-piscina-min-1-400x300.jpg 400w, https:\/\/serhs.com\/wp-content\/uploads\/2018\/06\/WEB-Nens-a-la-piscina-min-1-600x450.jpg 600w, https:\/\/serhs.com\/wp-content\/uploads\/2018\/06\/WEB-Nens-a-la-piscina-min-1-768x576.jpg 768w, https:\/\/serhs.com\/wp-content\/uploads\/2018\/06\/WEB-Nens-a-la-piscina-min-1.jpg 800w\" sizes=\"(max-width: 800px) 100vw, 800px\" \/><\/p>\n<p>Si prefer\u00eds la Catalu\u00f1a Central, para hacer una <strong>escapada con ni\u00f1os<\/strong>, ten\u00e9is el <strong>Vilar Rural de Cardona<\/strong>. Hay una opci\u00f3n que os da la posibilidad de reservar el <a href=\"http:\/\/www.vilarsrurals.com\/es\/vilar-rural-cardona\/ofertas-hotel\/minas-de-sal-cardona\">&#8216;Paquete Minas de Sal&#8217; que cuenta con una visita teatralizada a la Monta\u00f1a de Sal de Cardona<\/a>, pensada y dise\u00f1ada para toda la familia. De hecho, \u00bfsab\u00edais que las Minas de Sal de Cardona fueron las minas de sal pot\u00e1sica m\u00e1s importantes del mundo entre 1929 y 1990? Esta y muchas otras cosas m\u00e1s ser\u00e1n las que podr\u00e9is aprender si pas\u00e1is unos d\u00edas de <strong>vacaciones con los ni\u00f1os<\/strong> en el Vilar Rural de Cardona.<\/p>\n<p>&nbsp;<\/p>\n<p>Y si lo que os gusta a la familia es la monta\u00f1a, ten\u00e9is <a href=\"http:\/\/www.vilarsrurals.com\/es\/sant-hilari-sacalm\/ofertas\/hotel-rural-montseny\/entrada-sant-hilari-aventura\">la opci\u00f3n de escaparos al <strong>Vilar Rural de Sant Hilari<\/strong><\/a>, en pleno Parc Natural del Montseny y con unas vistas privilegiadas sobre el macizo de Les Agudes, donde peque\u00f1os y grandes os lo pasar\u00e9is de miedo en el Parque <strong>Sant Hilari Aventura<\/strong>. All\u00ed os podr\u00e9is trepar a tirolinas, puentes rodantes, redes y escaleras para ni\u00f1os a partir de tres a\u00f1os. \u00a1Tiene hasta cinco circuitos entre los que elegir!<\/p>\n<p>As\u00ed pues, \u00a1no os lo pens\u00e9is m\u00e1s! Y decidiros a pasar unos d\u00edas de <strong>vacaciones en familia<\/strong> en los Vilars Rurals de Arnes, Cardona y Sant Hilari. Donde todo, desde la gastronom\u00eda a la &#8216;disco&#8217;, se prepara <a href=\"https:\/\/serhs.com\/es\/vilars-rurals-pone-en-marcha-el-club-vilars\/\">pensando en todos y cada uno de vosotros.<\/a><\/p>\n","protected":false},"excerpt":{"rendered":"<p>Los Vilars Rurals de Cardona, Sant Hilari y Arnes son la mejor opci\u00f3n para unas vacaciones en familia con los m\u00e1s peque\u00f1os de la casa.<\/p>\n","protected":false},"author":19,"featured_media":16734,"menu_order":0,"comment_status":"closed","ping_status":"closed","template":"","format":"standard","meta":{"footnotes":""},"portfolio_category":[118],"portfolio_skills":[],"portfolio_tags":[],"class_list":["post-16733","avada_portfolio","type-avada_portfolio","status-publish","format-standard","has-post-thumbnail","hentry","portfolio_category-productos-y-servicios"],"yoast_head":"<!-- This site is optimized with the Yoast SEO plugin v27.3 - https:\/\/yoast.com\/product\/yoast-seo-wordpress\/ -->\n<title>Vacaciones con ni\u00f1os: \u00a1la familia se escapa al Vilar Rural!<\/title>\n<meta name=\"description\" content=\"Vacaciones en familia con los m\u00e1s peque\u00f1os de la casa en los Vilars Rurals de Cardona, Arnes y Sant Hilari, la mejor opci\u00f3n para estar todos juntos y disfrutar de un entorno rural y de actividades para hacer juntos\" \/>\n<meta name=\"robots\" content=\"noindex, follow\" \/>\n<meta property=\"og:locale\" content=\"es_ES\" \/>\n<meta property=\"og:type\" content=\"article\" \/>\n<meta property=\"og:title\" content=\"Vacaciones con ni\u00f1os: \u00a1la familia se escapa al Vilar Rural!\" \/>\n<meta property=\"og:description\" content=\"Vacaciones en familia con los m\u00e1s peque\u00f1os de la casa en los Vilars Rurals de Cardona, Arnes y Sant Hilari, la mejor opci\u00f3n para estar todos juntos y disfrutar de un entorno rural y de actividades para hacer juntos\" \/>\n<meta property=\"og:url\" content=\"https:\/\/serhs.com\/es\/serhs-inspiracio\/vacaciones-con-ninos-la-familia-se-escapa-al-vilar-rural\/\" \/>\n<meta property=\"og:site_name\" content=\"SERHS\" \/>\n<meta property=\"article:publisher\" content=\"https:\/\/www.facebook.com\/grupserhs\" \/>\n<meta property=\"article:modified_time\" content=\"2022-09-19T07:53:26+00:00\" \/>\n<meta property=\"og:image\" content=\"https:\/\/serhs.com\/wp-content\/uploads\/2018\/06\/WEB-Nens-a-la-piscina-min-1.jpg\" \/>\n\t<meta property=\"og:image:width\" content=\"800\" \/>\n\t<meta property=\"og:image:height\" content=\"600\" \/>\n\t<meta property=\"og:image:type\" content=\"image\/jpeg\" \/>\n<meta name=\"twitter:card\" content=\"summary_large_image\" \/>\n<meta name=\"twitter:label1\" content=\"Tiempo de lectura\" \/>\n\t<meta name=\"twitter:data1\" content=\"2 minutos\" \/>\n<script type=\"application\/ld+json\" class=\"yoast-schema-graph\">{\"@context\":\"https:\\\/\\\/schema.org\",\"@graph\":[{\"@type\":\"WebPage\",\"@id\":\"https:\\\/\\\/serhs.com\\\/es\\\/serhs-inspiracio\\\/vacaciones-con-ninos-la-familia-se-escapa-al-vilar-rural\\\/\",\"url\":\"https:\\\/\\\/serhs.com\\\/es\\\/serhs-inspiracio\\\/vacaciones-con-ninos-la-familia-se-escapa-al-vilar-rural\\\/\",\"name\":\"Vacaciones con ni\u00f1os: \u00a1la familia se escapa al Vilar Rural!\",\"isPartOf\":{\"@id\":\"https:\\\/\\\/serhs.com\\\/es\\\/#website\"},\"primaryImageOfPage\":{\"@id\":\"https:\\\/\\\/serhs.com\\\/es\\\/serhs-inspiracio\\\/vacaciones-con-ninos-la-familia-se-escapa-al-vilar-rural\\\/#primaryimage\"},\"image\":{\"@id\":\"https:\\\/\\\/serhs.com\\\/es\\\/serhs-inspiracio\\\/vacaciones-con-ninos-la-familia-se-escapa-al-vilar-rural\\\/#primaryimage\"},\"thumbnailUrl\":\"https:\\\/\\\/serhs.com\\\/wp-content\\\/uploads\\\/2018\\\/06\\\/WEB-Nens-a-la-piscina-min-1.jpg\",\"datePublished\":\"2018-06-22T08:57:17+00:00\",\"dateModified\":\"2022-09-19T07:53:26+00:00\",\"description\":\"Vacaciones en familia con los m\u00e1s peque\u00f1os de la casa en los Vilars Rurals de Cardona, Arnes y Sant Hilari, la mejor opci\u00f3n para estar todos juntos y disfrutar de un entorno rural y de actividades para hacer juntos\",\"breadcrumb\":{\"@id\":\"https:\\\/\\\/serhs.com\\\/es\\\/serhs-inspiracio\\\/vacaciones-con-ninos-la-familia-se-escapa-al-vilar-rural\\\/#breadcrumb\"},\"inLanguage\":\"es\",\"potentialAction\":[{\"@type\":\"ReadAction\",\"target\":[\"https:\\\/\\\/serhs.com\\\/es\\\/serhs-inspiracio\\\/vacaciones-con-ninos-la-familia-se-escapa-al-vilar-rural\\\/\"]}]},{\"@type\":\"ImageObject\",\"inLanguage\":\"es\",\"@id\":\"https:\\\/\\\/serhs.com\\\/es\\\/serhs-inspiracio\\\/vacaciones-con-ninos-la-familia-se-escapa-al-vilar-rural\\\/#primaryimage\",\"url\":\"https:\\\/\\\/serhs.com\\\/wp-content\\\/uploads\\\/2018\\\/06\\\/WEB-Nens-a-la-piscina-min-1.jpg\",\"contentUrl\":\"https:\\\/\\\/serhs.com\\\/wp-content\\\/uploads\\\/2018\\\/06\\\/WEB-Nens-a-la-piscina-min-1.jpg\",\"width\":800,\"height\":600,\"caption\":\"Los Vilars Rurals: la mejor opci\u00f3n para una vacaciones familiares\"},{\"@type\":\"BreadcrumbList\",\"@id\":\"https:\\\/\\\/serhs.com\\\/es\\\/serhs-inspiracio\\\/vacaciones-con-ninos-la-familia-se-escapa-al-vilar-rural\\\/#breadcrumb\",\"itemListElement\":[{\"@type\":\"ListItem\",\"position\":1,\"name\":\"Inici\",\"item\":\"https:\\\/\\\/serhs.com\\\/es\\\/\"},{\"@type\":\"ListItem\",\"position\":2,\"name\":\"SERHS Inspira\",\"item\":\"https:\\\/\\\/serhs.com\\\/serhs-inspiracio\\\/\"},{\"@type\":\"ListItem\",\"position\":3,\"name\":\"Productos y Servicios\",\"item\":\"https:\\\/\\\/serhs.com\\\/es\\\/inspira_categoria\\\/productos-y-servicios\\\/\"},{\"@type\":\"ListItem\",\"position\":4,\"name\":\"Vacaciones con ni\u00f1os: \u00a1la familia se escapa al Vilar Rural!\"}]},{\"@type\":\"WebSite\",\"@id\":\"https:\\\/\\\/serhs.com\\\/es\\\/#website\",\"url\":\"https:\\\/\\\/serhs.com\\\/es\\\/\",\"name\":\"SERHS\",\"description\":\"El primer grup Tur\u00edstic de Catalunya\",\"publisher\":{\"@id\":\"https:\\\/\\\/serhs.com\\\/es\\\/#organization\"},\"potentialAction\":[{\"@type\":\"SearchAction\",\"target\":{\"@type\":\"EntryPoint\",\"urlTemplate\":\"https:\\\/\\\/serhs.com\\\/es\\\/?s={search_term_string}\"},\"query-input\":{\"@type\":\"PropertyValueSpecification\",\"valueRequired\":true,\"valueName\":\"search_term_string\"}}],\"inLanguage\":\"es\"},{\"@type\":\"Organization\",\"@id\":\"https:\\\/\\\/serhs.com\\\/es\\\/#organization\",\"name\":\"SERHS\",\"url\":\"https:\\\/\\\/serhs.com\\\/es\\\/\",\"logo\":{\"@type\":\"ImageObject\",\"inLanguage\":\"es\",\"@id\":\"https:\\\/\\\/serhs.com\\\/es\\\/#\\\/schema\\\/logo\\\/image\\\/\",\"url\":\"https:\\\/\\\/serhs.com\\\/wp-content\\\/uploads\\\/2018\\\/05\\\/logoSERHS200.png\",\"contentUrl\":\"https:\\\/\\\/serhs.com\\\/wp-content\\\/uploads\\\/2018\\\/05\\\/logoSERHS200.png\",\"width\":200,\"height\":67,\"caption\":\"SERHS\"},\"image\":{\"@id\":\"https:\\\/\\\/serhs.com\\\/es\\\/#\\\/schema\\\/logo\\\/image\\\/\"},\"sameAs\":[\"https:\\\/\\\/www.facebook.com\\\/grupserhs\",\"https:\\\/\\\/www.linkedin.com\\\/company\\\/grup-serhs\",\"https:\\\/\\\/www.instagram.com\\\/serhsoficial\\\/\"]}]}<\/script>\n<!-- \/ Yoast SEO plugin. -->","yoast_head_json":{"title":"Vacaciones con ni\u00f1os: \u00a1la familia se escapa al Vilar Rural!","description":"Vacaciones en familia con los m\u00e1s peque\u00f1os de la casa en los Vilars Rurals de Cardona, Arnes y Sant Hilari, la mejor opci\u00f3n para estar todos juntos y disfrutar de un entorno rural y de actividades para hacer juntos","robots":{"index":"noindex","follow":"follow"},"og_locale":"es_ES","og_type":"article","og_title":"Vacaciones con ni\u00f1os: \u00a1la familia se escapa al Vilar Rural!","og_description":"Vacaciones en familia con los m\u00e1s peque\u00f1os de la casa en los Vilars Rurals de Cardona, Arnes y Sant Hilari, la mejor opci\u00f3n para estar todos juntos y disfrutar de un entorno rural y de actividades para hacer juntos","og_url":"https:\/\/serhs.com\/es\/serhs-inspiracio\/vacaciones-con-ninos-la-familia-se-escapa-al-vilar-rural\/","og_site_name":"SERHS","article_publisher":"https:\/\/www.facebook.com\/grupserhs","article_modified_time":"2022-09-19T07:53:26+00:00","og_image":[{"width":800,"height":600,"url":"https:\/\/serhs.com\/wp-content\/uploads\/2018\/06\/WEB-Nens-a-la-piscina-min-1.jpg","type":"image\/jpeg"}],"twitter_card":"summary_large_image","twitter_misc":{"Tiempo de lectura":"2 minutos"},"schema":{"@context":"https:\/\/schema.org","@graph":[{"@type":"WebPage","@id":"https:\/\/serhs.com\/es\/serhs-inspiracio\/vacaciones-con-ninos-la-familia-se-escapa-al-vilar-rural\/","url":"https:\/\/serhs.com\/es\/serhs-inspiracio\/vacaciones-con-ninos-la-familia-se-escapa-al-vilar-rural\/","name":"Vacaciones con ni\u00f1os: \u00a1la familia se escapa al Vilar Rural!","isPartOf":{"@id":"https:\/\/serhs.com\/es\/#website"},"primaryImageOfPage":{"@id":"https:\/\/serhs.com\/es\/serhs-inspiracio\/vacaciones-con-ninos-la-familia-se-escapa-al-vilar-rural\/#primaryimage"},"image":{"@id":"https:\/\/serhs.com\/es\/serhs-inspiracio\/vacaciones-con-ninos-la-familia-se-escapa-al-vilar-rural\/#primaryimage"},"thumbnailUrl":"https:\/\/serhs.com\/wp-content\/uploads\/2018\/06\/WEB-Nens-a-la-piscina-min-1.jpg","datePublished":"2018-06-22T08:57:17+00:00","dateModified":"2022-09-19T07:53:26+00:00","description":"Vacaciones en familia con los m\u00e1s peque\u00f1os de la casa en los Vilars Rurals de Cardona, Arnes y Sant Hilari, la mejor opci\u00f3n para estar todos juntos y disfrutar de un entorno rural y de actividades para hacer juntos","breadcrumb":{"@id":"https:\/\/serhs.com\/es\/serhs-inspiracio\/vacaciones-con-ninos-la-familia-se-escapa-al-vilar-rural\/#breadcrumb"},"inLanguage":"es","potentialAction":[{"@type":"ReadAction","target":["https:\/\/serhs.com\/es\/serhs-inspiracio\/vacaciones-con-ninos-la-familia-se-escapa-al-vilar-rural\/"]}]},{"@type":"ImageObject","inLanguage":"es","@id":"https:\/\/serhs.com\/es\/serhs-inspiracio\/vacaciones-con-ninos-la-familia-se-escapa-al-vilar-rural\/#primaryimage","url":"https:\/\/serhs.com\/wp-content\/uploads\/2018\/06\/WEB-Nens-a-la-piscina-min-1.jpg","contentUrl":"https:\/\/serhs.com\/wp-content\/uploads\/2018\/06\/WEB-Nens-a-la-piscina-min-1.jpg","width":800,"height":600,"caption":"Los Vilars Rurals: la mejor opci\u00f3n para una vacaciones familiares"},{"@type":"BreadcrumbList","@id":"https:\/\/serhs.com\/es\/serhs-inspiracio\/vacaciones-con-ninos-la-familia-se-escapa-al-vilar-rural\/#breadcrumb","itemListElement":[{"@type":"ListItem","position":1,"name":"Inici","item":"https:\/\/serhs.com\/es\/"},{"@type":"ListItem","position":2,"name":"SERHS Inspira","item":"https:\/\/serhs.com\/serhs-inspiracio\/"},{"@type":"ListItem","position":3,"name":"Productos y Servicios","item":"https:\/\/serhs.com\/es\/inspira_categoria\/productos-y-servicios\/"},{"@type":"ListItem","position":4,"name":"Vacaciones con ni\u00f1os: \u00a1la familia se escapa al Vilar Rural!"}]},{"@type":"WebSite","@id":"https:\/\/serhs.com\/es\/#website","url":"https:\/\/serhs.com\/es\/","name":"SERHS","description":"El primer grup Tur\u00edstic de Catalunya","publisher":{"@id":"https:\/\/serhs.com\/es\/#organization"},"potentialAction":[{"@type":"SearchAction","target":{"@type":"EntryPoint","urlTemplate":"https:\/\/serhs.com\/es\/?s={search_term_string}"},"query-input":{"@type":"PropertyValueSpecification","valueRequired":true,"valueName":"search_term_string"}}],"inLanguage":"es"},{"@type":"Organization","@id":"https:\/\/serhs.com\/es\/#organization","name":"SERHS","url":"https:\/\/serhs.com\/es\/","logo":{"@type":"ImageObject","inLanguage":"es","@id":"https:\/\/serhs.com\/es\/#\/schema\/logo\/image\/","url":"https:\/\/serhs.com\/wp-content\/uploads\/2018\/05\/logoSERHS200.png","contentUrl":"https:\/\/serhs.com\/wp-content\/uploads\/2018\/05\/logoSERHS200.png","width":200,"height":67,"caption":"SERHS"},"image":{"@id":"https:\/\/serhs.com\/es\/#\/schema\/logo\/image\/"},"sameAs":["https:\/\/www.facebook.com\/grupserhs","https:\/\/www.linkedin.com\/company\/grup-serhs","https:\/\/www.instagram.com\/serhsoficial\/"]}]}},"_links":{"self":[{"href":"https:\/\/serhs.com\/es\/wp-json\/wp\/v2\/avada_portfolio\/16733","targetHints":{"allow":["GET"]}}],"collection":[{"href":"https:\/\/serhs.com\/es\/wp-json\/wp\/v2\/avada_portfolio"}],"about":[{"href":"https:\/\/serhs.com\/es\/wp-json\/wp\/v2\/types\/avada_portfolio"}],"author":[{"embeddable":true,"href":"https:\/\/serhs.com\/es\/wp-json\/wp\/v2\/users\/19"}],"replies":[{"embeddable":true,"href":"https:\/\/serhs.com\/es\/wp-json\/wp\/v2\/comments?post=16733"}],"version-history":[{"count":0,"href":"https:\/\/serhs.com\/es\/wp-json\/wp\/v2\/avada_portfolio\/16733\/revisions"}],"wp:featuredmedia":[{"embeddable":true,"href":"https:\/\/serhs.com\/es\/wp-json\/wp\/v2\/media\/16734"}],"wp:attachment":[{"href":"https:\/\/serhs.com\/es\/wp-json\/wp\/v2\/media?parent=16733"}],"wp:term":[{"taxonomy":"portfolio_category","embeddable":true,"href":"https:\/\/serhs.com\/es\/wp-json\/wp\/v2\/portfolio_category?post=16733"},{"taxonomy":"portfolio_skills","embeddable":true,"href":"https:\/\/serhs.com\/es\/wp-json\/wp\/v2\/portfolio_skills?post=16733"},{"taxonomy":"portfolio_tags","embeddable":true,"href":"https:\/\/serhs.com\/es\/wp-json\/wp\/v2\/portfolio_tags?post=16733"}],"curies":[{"name":"wp","href":"https:\/\/api.w.org\/{rel}","templated":true}]}}