{"id":16777,"date":"2018-07-03T08:50:39","date_gmt":"2018-07-03T07:50:39","guid":{"rendered":"https:\/\/www.serhs.com\/?post_type=avada_portfolio&#038;p=16777"},"modified":"2022-03-07T16:49:56","modified_gmt":"2022-03-07T15:49:56","slug":"la-noche-de-serhs-recogida-en-el-primer-articulo-corporativo","status":"publish","type":"avada_portfolio","link":"https:\/\/serhs.com\/es\/serhs-inspiracio\/la-noche-de-serhs-recogida-en-el-primer-articulo-corporativo\/","title":{"rendered":"El primer art\u00edculo escrito sobre la Noche de SERHS"},"content":{"rendered":"<h1>El primer art\u00edculo escrito sobre la Noche de SERHS<\/h1>\n<h2><strong>Las primeras l\u00edneas dedicadas a la Noche de SERHS est\u00e1n en el primer ejemplar de la Veu de la SERHS de 1984<\/strong><\/h2>\n<p>Corr\u00eda 1976 cuando SERHS celebraba la primera de sus Noches. Entonces, cuando la SERHS era una cooperativa, se celebraba la Noche del Cooperativismo. \u00a1Eran otros tiempos! Desde entonces, y de acuerdo con el paso de los a\u00f1os<strong>, la <\/strong><strong>Noche de SERHS<\/strong><strong> ha ido evolucionando y adapt\u00e1ndose a los nuevos tiempos, de la misma manera que lo ha hecho la corporaci\u00f3n.<\/strong> Pero, para la memoria colectiva, han quedado en el recuerdo y en el papel las primeras l\u00edneas que se escrib\u00edan sobre la Noche de SERHS en 1984 en un art\u00edculo del primer n\u00famero de la <em>Veu de la SERHS<\/em> , la revista corporativa de la cooperativa que se editaba entonces.<\/p>\n<p>Y, \u00bfqu\u00e9 mejor que recuperar aquellas rayas en nuestro <strong>&#8216;paseo por la historia&#8217;<\/strong> de este mes, escritas por el equipo de redacci\u00f3n del Departamento de Actividades Sociales hace m\u00e1s de 30 a\u00f1os, cuando quedan poco m\u00e1s de 20 d\u00edas para la celebraci\u00f3n de la 42\u00aa edici\u00f3n de la Noche de SERHS?<\/p>\n<p><img decoding=\"async\" class=\"alignnone wp-image-16779 size-800\" src=\"https:\/\/serhs.com\/wp-content\/uploads\/2018\/07\/Nit-SERHS-n\u00ba1-WEB-min-1-800x1118.jpg\" alt=\"En el 1984 se escribi\u00f3 el primer art\u00edculo sobre la Noche de SERHS\" width=\"800\" height=\"1118\" srcset=\"https:\/\/serhs.com\/wp-content\/uploads\/2018\/07\/Nit-SERHS-n\u00ba1-WEB-min-1-200x280.jpg 200w, https:\/\/serhs.com\/wp-content\/uploads\/2018\/07\/Nit-SERHS-n\u00ba1-WEB-min-1-215x300.jpg 215w, https:\/\/serhs.com\/wp-content\/uploads\/2018\/07\/Nit-SERHS-n\u00ba1-WEB-min-1-400x559.jpg 400w, https:\/\/serhs.com\/wp-content\/uploads\/2018\/07\/Nit-SERHS-n\u00ba1-WEB-min-1-600x839.jpg 600w, https:\/\/serhs.com\/wp-content\/uploads\/2018\/07\/Nit-SERHS-n\u00ba1-WEB-min-1-733x1024.jpg 733w, https:\/\/serhs.com\/wp-content\/uploads\/2018\/07\/Nit-SERHS-n\u00ba1-WEB-min-1-768x1073.jpg 768w, https:\/\/serhs.com\/wp-content\/uploads\/2018\/07\/Nit-SERHS-n\u00ba1-WEB-min-1.jpg 800w\" sizes=\"(max-width: 800px) 100vw, 800px\" \/><\/p>\n<p><strong>\u00abMejores Cooperativistas\u00bb<\/strong><\/p>\n<p>\u00abSin lugar a dudas, el acto Central en la vida social de la Cooperativa SERHS, es la \u00abNOCHE DEL COOPERATIVISMO \u00ab, <strong>fiesta que anualmente re\u00fane en una cena en uno de nuestros establecimientos, todos los socios de la Entidad.<\/strong> A lo largo de esta celebraci\u00f3n, se suceden una serie de hechos, el m\u00e1s esperado de los cuales es <strong>la entrega del galard\u00f3n al Mejor Cooperativista del a\u00f1o<\/strong>, distinci\u00f3n que viene a premiar la actuaci\u00f3n que a lo largo del tiempo ha tenido este socio para con la Cooperativa.<\/p>\n<p>Los Estatutos no prev\u00e9n nada al respecto, pero ya desde un inicio se decidi\u00f3 que no pod\u00eda recaer en ninguno de los socios que en ese momento formaran parte del Consejo Rector.<\/p>\n<p>Tradicionalmente, el presidente unos d\u00edas antes de la fiesta, pide a sus compa\u00f1eros del Consejo que piensen en el socio que creen que se ha hecho merecedor de la m\u00e1s alta distinci\u00f3n que da la Entidad, y en la pr\u00f3xima reuni\u00f3n se trata con todo detenimiento del tema, ya que por suerte, no resulta nada f\u00e1cil tomar la decisi\u00f3n ya que son bastantes los asociados que tienen una actitud hacia la Cooperativa digna de reconocimiento p\u00fablico.<\/p>\n<p><strong>Muchos son los factores que se tienen en cuenta a la hora de decidir<\/strong>, dado que se trata de premiar una actuaci\u00f3n global a lo largo del tiempo. Se mira el inter\u00e9s de los socios en la marcha de la Cooperativa, traducido entre otras cosas en la asistencia a las tareas de la Entidad formando parte de algunas de las comisiones, el hecho de estar siempre a punto cuando la Cooperativa le pide algo, el disfrutar al m\u00e1ximo &#8211; dentro de las posibilidades de cada establecimiento &#8211; de los servicios que da la Cooperativa, la participaci\u00f3n en los eventos sociales de la Entidad y toda una serie de atributos que adornan la personalidad de los hombres y mujeres que saben compartir las cosas con los dem\u00e1s.<\/p>\n<p><img decoding=\"async\" class=\"wp-image-16778 size-600\" src=\"https:\/\/serhs.com\/wp-content\/uploads\/2018\/07\/Veu-SERHS-web-min-1-600x450.jpg\" alt=\"El primer escrito sobre la Noche de SERHS data del 1984\" width=\"600\" height=\"450\" srcset=\"https:\/\/serhs.com\/wp-content\/uploads\/2018\/07\/Veu-SERHS-web-min-1-200x150.jpg 200w, https:\/\/serhs.com\/wp-content\/uploads\/2018\/07\/Veu-SERHS-web-min-1-300x225.jpg 300w, https:\/\/serhs.com\/wp-content\/uploads\/2018\/07\/Veu-SERHS-web-min-1-400x300.jpg 400w, https:\/\/serhs.com\/wp-content\/uploads\/2018\/07\/Veu-SERHS-web-min-1-600x450.jpg 600w, https:\/\/serhs.com\/wp-content\/uploads\/2018\/07\/Veu-SERHS-web-min-1-768x576.jpg 768w, https:\/\/serhs.com\/wp-content\/uploads\/2018\/07\/Veu-SERHS-web-min-1.jpg 800w\" sizes=\"(max-width: 600px) 100vw, 600px\" \/><\/p>\n<p>Si despu\u00e9s de un buen rato de hablar, hay m\u00e1s de una propuesta, el Consejo Rector hace una votaci\u00f3n, el resultado de la cual nos dir\u00e1 el nombre del mejor cooperativista del a\u00f1o, <strong>nombre que se tiene en riguroso secreto hasta el mismo momento de la entrega del galard\u00f3n<\/strong>&#8230;\u00bb.<\/p>\n<p>Y con estas l\u00edneas, acabamos nuestro &#8216;paseo por la historia&#8217; del mes de julio. La Noche de la SERHS de este a\u00f1o, dedicada la figura de quien fue cofundador y presidente de SERHS, Ramon Bag\u00f3 i Agull\u00f3, se celebrar\u00e1 el pr\u00f3ximo 26 de julio en el fabuloso e impresionante Castell Jalp\u00ed de Arenys de Munt, sede social del grupo.<\/p>\n","protected":false},"excerpt":{"rendered":"<p>Las primeras l\u00edneas dedicadas a la Noche de SERHS est\u00e1n en el primer ejemplar de la Veu de la SERHS de 1984.<\/p>\n","protected":false},"author":19,"featured_media":16778,"menu_order":0,"comment_status":"closed","ping_status":"closed","template":"","format":"standard","meta":{"footnotes":""},"portfolio_category":[],"portfolio_skills":[],"portfolio_tags":[],"class_list":["post-16777","avada_portfolio","type-avada_portfolio","status-publish","format-standard","has-post-thumbnail","hentry"],"yoast_head":"<!-- This site is optimized with the Yoast SEO plugin v27.3 - https:\/\/yoast.com\/product\/yoast-seo-wordpress\/ -->\n<title>El primer escrito corporativo de la Noche de SERHS data del 1984<\/title>\n<meta name=\"description\" content=\"Para la memoria colectiva, han quedado en el recuerdo y en el papel las primeras l\u00edneas que se escrib\u00edan sobre la Noche de SERHS en 1984 en un art\u00edculo del primer n\u00famero de la Veu de la SERHS , la revista corporativa de la cooperativa que se editaba entonces.\" \/>\n<meta name=\"robots\" content=\"noindex, follow\" \/>\n<meta property=\"og:locale\" content=\"es_ES\" \/>\n<meta property=\"og:type\" content=\"article\" \/>\n<meta property=\"og:title\" content=\"El primer escrito corporativo de la Noche de SERHS data del 1984\" \/>\n<meta property=\"og:description\" content=\"Para la memoria colectiva, han quedado en el recuerdo y en el papel las primeras l\u00edneas que se escrib\u00edan sobre la Noche de SERHS en 1984 en un art\u00edculo del primer n\u00famero de la Veu de la SERHS , la revista corporativa de la cooperativa que se editaba entonces.\" \/>\n<meta property=\"og:url\" content=\"https:\/\/serhs.com\/es\/serhs-inspiracio\/la-noche-de-serhs-recogida-en-el-primer-articulo-corporativo\/\" \/>\n<meta property=\"og:site_name\" content=\"SERHS\" \/>\n<meta property=\"article:publisher\" content=\"https:\/\/www.facebook.com\/grupserhs\" \/>\n<meta property=\"article:modified_time\" content=\"2022-03-07T15:49:56+00:00\" \/>\n<meta property=\"og:image\" content=\"https:\/\/serhs.com\/wp-content\/uploads\/2018\/07\/Veu-SERHS-web-min-1.jpg\" \/>\n\t<meta property=\"og:image:width\" content=\"800\" \/>\n\t<meta property=\"og:image:height\" content=\"600\" \/>\n\t<meta property=\"og:image:type\" content=\"image\/jpeg\" \/>\n<meta name=\"twitter:card\" content=\"summary_large_image\" \/>\n<meta name=\"twitter:label1\" content=\"Tiempo de lectura\" \/>\n\t<meta name=\"twitter:data1\" content=\"3 minutos\" \/>\n<script type=\"application\/ld+json\" class=\"yoast-schema-graph\">{\"@context\":\"https:\\\/\\\/schema.org\",\"@graph\":[{\"@type\":\"WebPage\",\"@id\":\"https:\\\/\\\/serhs.com\\\/es\\\/serhs-inspiracio\\\/la-noche-de-serhs-recogida-en-el-primer-articulo-corporativo\\\/\",\"url\":\"https:\\\/\\\/serhs.com\\\/es\\\/serhs-inspiracio\\\/la-noche-de-serhs-recogida-en-el-primer-articulo-corporativo\\\/\",\"name\":\"El primer escrito corporativo de la Noche de SERHS data del 1984\",\"isPartOf\":{\"@id\":\"https:\\\/\\\/serhs.com\\\/es\\\/#website\"},\"primaryImageOfPage\":{\"@id\":\"https:\\\/\\\/serhs.com\\\/es\\\/serhs-inspiracio\\\/la-noche-de-serhs-recogida-en-el-primer-articulo-corporativo\\\/#primaryimage\"},\"image\":{\"@id\":\"https:\\\/\\\/serhs.com\\\/es\\\/serhs-inspiracio\\\/la-noche-de-serhs-recogida-en-el-primer-articulo-corporativo\\\/#primaryimage\"},\"thumbnailUrl\":\"https:\\\/\\\/serhs.com\\\/wp-content\\\/uploads\\\/2018\\\/07\\\/Veu-SERHS-web-min-1.jpg\",\"datePublished\":\"2018-07-03T07:50:39+00:00\",\"dateModified\":\"2022-03-07T15:49:56+00:00\",\"description\":\"Para la memoria colectiva, han quedado en el recuerdo y en el papel las primeras l\u00edneas que se escrib\u00edan sobre la Noche de SERHS en 1984 en un art\u00edculo del primer n\u00famero de la Veu de la SERHS , la revista corporativa de la cooperativa que se editaba entonces.\",\"breadcrumb\":{\"@id\":\"https:\\\/\\\/serhs.com\\\/es\\\/serhs-inspiracio\\\/la-noche-de-serhs-recogida-en-el-primer-articulo-corporativo\\\/#breadcrumb\"},\"inLanguage\":\"es\",\"potentialAction\":[{\"@type\":\"ReadAction\",\"target\":[\"https:\\\/\\\/serhs.com\\\/es\\\/serhs-inspiracio\\\/la-noche-de-serhs-recogida-en-el-primer-articulo-corporativo\\\/\"]}]},{\"@type\":\"ImageObject\",\"inLanguage\":\"es\",\"@id\":\"https:\\\/\\\/serhs.com\\\/es\\\/serhs-inspiracio\\\/la-noche-de-serhs-recogida-en-el-primer-articulo-corporativo\\\/#primaryimage\",\"url\":\"https:\\\/\\\/serhs.com\\\/wp-content\\\/uploads\\\/2018\\\/07\\\/Veu-SERHS-web-min-1.jpg\",\"contentUrl\":\"https:\\\/\\\/serhs.com\\\/wp-content\\\/uploads\\\/2018\\\/07\\\/Veu-SERHS-web-min-1.jpg\",\"width\":800,\"height\":600,\"caption\":\"La Veu de la SERHS recog\u00eda el primer art\u00edculo hablando de la Noche de SERHS\"},{\"@type\":\"BreadcrumbList\",\"@id\":\"https:\\\/\\\/serhs.com\\\/es\\\/serhs-inspiracio\\\/la-noche-de-serhs-recogida-en-el-primer-articulo-corporativo\\\/#breadcrumb\",\"itemListElement\":[{\"@type\":\"ListItem\",\"position\":1,\"name\":\"Inici\",\"item\":\"https:\\\/\\\/serhs.com\\\/es\\\/\"},{\"@type\":\"ListItem\",\"position\":2,\"name\":\"SERHS Inspira\",\"item\":\"https:\\\/\\\/serhs.com\\\/serhs-inspiracio\\\/\"},{\"@type\":\"ListItem\",\"position\":3,\"name\":\"El primer art\u00edculo escrito sobre la Noche de SERHS\"}]},{\"@type\":\"WebSite\",\"@id\":\"https:\\\/\\\/serhs.com\\\/es\\\/#website\",\"url\":\"https:\\\/\\\/serhs.com\\\/es\\\/\",\"name\":\"SERHS\",\"description\":\"El primer grup Tur\u00edstic de Catalunya\",\"publisher\":{\"@id\":\"https:\\\/\\\/serhs.com\\\/es\\\/#organization\"},\"potentialAction\":[{\"@type\":\"SearchAction\",\"target\":{\"@type\":\"EntryPoint\",\"urlTemplate\":\"https:\\\/\\\/serhs.com\\\/es\\\/?s={search_term_string}\"},\"query-input\":{\"@type\":\"PropertyValueSpecification\",\"valueRequired\":true,\"valueName\":\"search_term_string\"}}],\"inLanguage\":\"es\"},{\"@type\":\"Organization\",\"@id\":\"https:\\\/\\\/serhs.com\\\/es\\\/#organization\",\"name\":\"SERHS\",\"url\":\"https:\\\/\\\/serhs.com\\\/es\\\/\",\"logo\":{\"@type\":\"ImageObject\",\"inLanguage\":\"es\",\"@id\":\"https:\\\/\\\/serhs.com\\\/es\\\/#\\\/schema\\\/logo\\\/image\\\/\",\"url\":\"https:\\\/\\\/serhs.com\\\/wp-content\\\/uploads\\\/2018\\\/05\\\/logoSERHS200.png\",\"contentUrl\":\"https:\\\/\\\/serhs.com\\\/wp-content\\\/uploads\\\/2018\\\/05\\\/logoSERHS200.png\",\"width\":200,\"height\":67,\"caption\":\"SERHS\"},\"image\":{\"@id\":\"https:\\\/\\\/serhs.com\\\/es\\\/#\\\/schema\\\/logo\\\/image\\\/\"},\"sameAs\":[\"https:\\\/\\\/www.facebook.com\\\/grupserhs\",\"https:\\\/\\\/www.linkedin.com\\\/company\\\/grup-serhs\",\"https:\\\/\\\/www.instagram.com\\\/serhsoficial\\\/\"]}]}<\/script>\n<!-- \/ Yoast SEO plugin. -->","yoast_head_json":{"title":"El primer escrito corporativo de la Noche de SERHS data del 1984","description":"Para la memoria colectiva, han quedado en el recuerdo y en el papel las primeras l\u00edneas que se escrib\u00edan sobre la Noche de SERHS en 1984 en un art\u00edculo del primer n\u00famero de la Veu de la SERHS , la revista corporativa de la cooperativa que se editaba entonces.","robots":{"index":"noindex","follow":"follow"},"og_locale":"es_ES","og_type":"article","og_title":"El primer escrito corporativo de la Noche de SERHS data del 1984","og_description":"Para la memoria colectiva, han quedado en el recuerdo y en el papel las primeras l\u00edneas que se escrib\u00edan sobre la Noche de SERHS en 1984 en un art\u00edculo del primer n\u00famero de la Veu de la SERHS , la revista corporativa de la cooperativa que se editaba entonces.","og_url":"https:\/\/serhs.com\/es\/serhs-inspiracio\/la-noche-de-serhs-recogida-en-el-primer-articulo-corporativo\/","og_site_name":"SERHS","article_publisher":"https:\/\/www.facebook.com\/grupserhs","article_modified_time":"2022-03-07T15:49:56+00:00","og_image":[{"width":800,"height":600,"url":"https:\/\/serhs.com\/wp-content\/uploads\/2018\/07\/Veu-SERHS-web-min-1.jpg","type":"image\/jpeg"}],"twitter_card":"summary_large_image","twitter_misc":{"Tiempo de lectura":"3 minutos"},"schema":{"@context":"https:\/\/schema.org","@graph":[{"@type":"WebPage","@id":"https:\/\/serhs.com\/es\/serhs-inspiracio\/la-noche-de-serhs-recogida-en-el-primer-articulo-corporativo\/","url":"https:\/\/serhs.com\/es\/serhs-inspiracio\/la-noche-de-serhs-recogida-en-el-primer-articulo-corporativo\/","name":"El primer escrito corporativo de la Noche de SERHS data del 1984","isPartOf":{"@id":"https:\/\/serhs.com\/es\/#website"},"primaryImageOfPage":{"@id":"https:\/\/serhs.com\/es\/serhs-inspiracio\/la-noche-de-serhs-recogida-en-el-primer-articulo-corporativo\/#primaryimage"},"image":{"@id":"https:\/\/serhs.com\/es\/serhs-inspiracio\/la-noche-de-serhs-recogida-en-el-primer-articulo-corporativo\/#primaryimage"},"thumbnailUrl":"https:\/\/serhs.com\/wp-content\/uploads\/2018\/07\/Veu-SERHS-web-min-1.jpg","datePublished":"2018-07-03T07:50:39+00:00","dateModified":"2022-03-07T15:49:56+00:00","description":"Para la memoria colectiva, han quedado en el recuerdo y en el papel las primeras l\u00edneas que se escrib\u00edan sobre la Noche de SERHS en 1984 en un art\u00edculo del primer n\u00famero de la Veu de la SERHS , la revista corporativa de la cooperativa que se editaba entonces.","breadcrumb":{"@id":"https:\/\/serhs.com\/es\/serhs-inspiracio\/la-noche-de-serhs-recogida-en-el-primer-articulo-corporativo\/#breadcrumb"},"inLanguage":"es","potentialAction":[{"@type":"ReadAction","target":["https:\/\/serhs.com\/es\/serhs-inspiracio\/la-noche-de-serhs-recogida-en-el-primer-articulo-corporativo\/"]}]},{"@type":"ImageObject","inLanguage":"es","@id":"https:\/\/serhs.com\/es\/serhs-inspiracio\/la-noche-de-serhs-recogida-en-el-primer-articulo-corporativo\/#primaryimage","url":"https:\/\/serhs.com\/wp-content\/uploads\/2018\/07\/Veu-SERHS-web-min-1.jpg","contentUrl":"https:\/\/serhs.com\/wp-content\/uploads\/2018\/07\/Veu-SERHS-web-min-1.jpg","width":800,"height":600,"caption":"La Veu de la SERHS recog\u00eda el primer art\u00edculo hablando de la Noche de SERHS"},{"@type":"BreadcrumbList","@id":"https:\/\/serhs.com\/es\/serhs-inspiracio\/la-noche-de-serhs-recogida-en-el-primer-articulo-corporativo\/#breadcrumb","itemListElement":[{"@type":"ListItem","position":1,"name":"Inici","item":"https:\/\/serhs.com\/es\/"},{"@type":"ListItem","position":2,"name":"SERHS Inspira","item":"https:\/\/serhs.com\/serhs-inspiracio\/"},{"@type":"ListItem","position":3,"name":"El primer art\u00edculo escrito sobre la Noche de SERHS"}]},{"@type":"WebSite","@id":"https:\/\/serhs.com\/es\/#website","url":"https:\/\/serhs.com\/es\/","name":"SERHS","description":"El primer grup Tur\u00edstic de Catalunya","publisher":{"@id":"https:\/\/serhs.com\/es\/#organization"},"potentialAction":[{"@type":"SearchAction","target":{"@type":"EntryPoint","urlTemplate":"https:\/\/serhs.com\/es\/?s={search_term_string}"},"query-input":{"@type":"PropertyValueSpecification","valueRequired":true,"valueName":"search_term_string"}}],"inLanguage":"es"},{"@type":"Organization","@id":"https:\/\/serhs.com\/es\/#organization","name":"SERHS","url":"https:\/\/serhs.com\/es\/","logo":{"@type":"ImageObject","inLanguage":"es","@id":"https:\/\/serhs.com\/es\/#\/schema\/logo\/image\/","url":"https:\/\/serhs.com\/wp-content\/uploads\/2018\/05\/logoSERHS200.png","contentUrl":"https:\/\/serhs.com\/wp-content\/uploads\/2018\/05\/logoSERHS200.png","width":200,"height":67,"caption":"SERHS"},"image":{"@id":"https:\/\/serhs.com\/es\/#\/schema\/logo\/image\/"},"sameAs":["https:\/\/www.facebook.com\/grupserhs","https:\/\/www.linkedin.com\/company\/grup-serhs","https:\/\/www.instagram.com\/serhsoficial\/"]}]}},"_links":{"self":[{"href":"https:\/\/serhs.com\/es\/wp-json\/wp\/v2\/avada_portfolio\/16777","targetHints":{"allow":["GET"]}}],"collection":[{"href":"https:\/\/serhs.com\/es\/wp-json\/wp\/v2\/avada_portfolio"}],"about":[{"href":"https:\/\/serhs.com\/es\/wp-json\/wp\/v2\/types\/avada_portfolio"}],"author":[{"embeddable":true,"href":"https:\/\/serhs.com\/es\/wp-json\/wp\/v2\/users\/19"}],"replies":[{"embeddable":true,"href":"https:\/\/serhs.com\/es\/wp-json\/wp\/v2\/comments?post=16777"}],"version-history":[{"count":0,"href":"https:\/\/serhs.com\/es\/wp-json\/wp\/v2\/avada_portfolio\/16777\/revisions"}],"wp:featuredmedia":[{"embeddable":true,"href":"https:\/\/serhs.com\/es\/wp-json\/wp\/v2\/media\/16778"}],"wp:attachment":[{"href":"https:\/\/serhs.com\/es\/wp-json\/wp\/v2\/media?parent=16777"}],"wp:term":[{"taxonomy":"portfolio_category","embeddable":true,"href":"https:\/\/serhs.com\/es\/wp-json\/wp\/v2\/portfolio_category?post=16777"},{"taxonomy":"portfolio_skills","embeddable":true,"href":"https:\/\/serhs.com\/es\/wp-json\/wp\/v2\/portfolio_skills?post=16777"},{"taxonomy":"portfolio_tags","embeddable":true,"href":"https:\/\/serhs.com\/es\/wp-json\/wp\/v2\/portfolio_tags?post=16777"}],"curies":[{"name":"wp","href":"https:\/\/api.w.org\/{rel}","templated":true}]}}