{"id":17477,"date":"2018-09-25T08:46:56","date_gmt":"2018-09-25T06:46:56","guid":{"rendered":"https:\/\/www.serhs.com\/?post_type=avada_portfolio&#038;p=17477"},"modified":"2023-04-03T11:12:27","modified_gmt":"2023-04-03T09:12:27","slug":"entrevista-a-oriol-verdura-director-general-de-serhs-serveis","status":"publish","type":"avada_portfolio","link":"https:\/\/serhs.com\/es\/serhs-inspiracio\/entrevista-a-oriol-verdura-director-general-de-serhs-serveis\/","title":{"rendered":"Entrevista a Oriol Verdura, director general de SERHS Servicios: \u00abHemos conseguido forjar una divisi\u00f3n de equipos consolidados y comprometidos con un objetivo com\u00fan: dotar de soluciones a nuestros clientes\u00bb"},"content":{"rendered":"<h1><strong>Entrevista a Oriol Verdura, director general de SERHS Servicios: \u00abHemos conseguido forjar una divisi\u00f3n de equipos consolidados y comprometidos con un objetivo com\u00fan: dotar de soluciones a nuestros clientes\u00bb<\/strong><\/h1>\n<h2><strong>En septiembre de 2017, SERHS lanzaba su divisi\u00f3n de servicios al mercado, SERHS Serveis. Hacemos balance con su\u00a0 responsable un a\u00f1o despu\u00e9s de su puesta en marcha como divisi\u00f3n independiente<\/strong><\/h2>\n<p><img decoding=\"async\" class=\"wp-image-17464 size-800\" src=\"https:\/\/serhs.com\/wp-content\/uploads\/2018\/09\/Entrevista-OV-Serveis-0-1-800x600.jpg\" alt=\"SERHS Serveis Gestoria, Tic, Projects\" width=\"800\" height=\"600\" srcset=\"https:\/\/serhs.com\/wp-content\/uploads\/2018\/09\/Entrevista-OV-Serveis-0-1-200x150.jpg 200w, https:\/\/serhs.com\/wp-content\/uploads\/2018\/09\/Entrevista-OV-Serveis-0-1-300x225.jpg 300w, https:\/\/serhs.com\/wp-content\/uploads\/2018\/09\/Entrevista-OV-Serveis-0-1-400x300.jpg 400w, https:\/\/serhs.com\/wp-content\/uploads\/2018\/09\/Entrevista-OV-Serveis-0-1-600x450.jpg 600w, https:\/\/serhs.com\/wp-content\/uploads\/2018\/09\/Entrevista-OV-Serveis-0-1-768x576.jpg 768w, https:\/\/serhs.com\/wp-content\/uploads\/2018\/09\/Entrevista-OV-Serveis-0-1.jpg 800w\" sizes=\"(max-width: 800px) 100vw, 800px\" \/><\/p>\n<p>Hace apenas un a\u00f1o, del <a href=\"https:\/\/serhs.com\/es\/serhs-pone-en-marcha-la-division-de-servicios\/\">lanzamiento al mercado de la divisi\u00f3n de servicios de SERHS, SERHS Serveis<\/a>. Doce meses despu\u00e9s, hacemos balance de esta apuesta estrat\u00e9gica de negocio, con la que la corporaci\u00f3n pon\u00eda de relieve uno de los pilares b\u00e1sicos sobre los que trabaja: el de empresa din\u00e1mica, capaz de adaptar su estructura a las oportunidades de negocio y el de ser una corporaci\u00f3n en continuo crecimiento en un mundo cambiante.<\/p>\n<p>&nbsp;<\/p>\n<p><strong>SERHS: Hola Oriol, ha pasado un a\u00f1o desde el lanzamiento de la divisi\u00f3n de SERHS Serveis en el mercado y toca hacer balance. En conjunto, \u00bfqu\u00e9 valoraci\u00f3n hac\u00e9is de estos primeros doce meses?<\/strong><\/p>\n<p>Oriol Verdura: La verdad es que <strong>hacemos una valoraci\u00f3n muy buena de nuestro primer a\u00f1o. Hemos alcanzado los 3 objetivos que nos marcamos al inicio de la nueva etapa.<\/strong> El primero, el de dar a conocer SERHS como un proveedor fiable y con experiencia en los \u00e1mbitos de Gestor\u00eda, Tecnolog\u00eda y Proyectos y Equipamientos para la Hosteler\u00eda y la Restauraci\u00f3n. El segundo era el de cambiar la cultura de ejecuci\u00f3n y comunicaci\u00f3n de nuestros equipos, con el cambio que ello implicaba de corporaci\u00f3n a cliente externo. Y el tercero objetivo cumplido ha sido el de alcanzar las expectativas de crecimiento econ\u00f3mico que nos planteamos al inicio del lanzamiento.<\/p>\n<p>&nbsp;<\/p>\n<blockquote><p><strong>\u00abCreo que es de justicia felicitar a todos los equipos por el trabajo hecho este primer a\u00f1o y pedirles coraje para consolidar, en adelante, todo lo que hemos hecho\u00bb<\/strong><\/p>\n<p>&nbsp;<\/p><\/blockquote>\n<p><strong>S: Deducimos de estos tres objetivos que los retos han sido muchos pero, por ejemplo, \u00bfcu\u00e1l o cu\u00e1les han sido los retos m\u00e1s destacados de cada unidad de negocio?<\/strong><\/p>\n<p>O.V: Como l\u00edneas de negocio independientes que son, los retos han sido diversos y adaptados al plan estrat\u00e9gico de cada una de las unidades y han supuesto un esfuerzo muy importante por parte de todos los que formamos la Divisi\u00f3n. Por ejemplo, <strong>en TIC, nuestro principal reto era poner en orden nuestro cat\u00e1logo de servicios, es decir, adaptar los requerimientos espec\u00edficos de Corporaci\u00f3n, que se manten\u00edan hasta ahora, a aquellas necesidades y requerimientos m\u00e1s espec\u00edficos orientados a cliente externo.<\/strong> Ahora puedo decir, con satisfacci\u00f3n, que <strong>lo hemos conseguido<\/strong> sin que ello haya afectado a los servicios que ya est\u00e1bamos prestando con anterioridad. En el \u00e1mbito de Projects, hemos logrado un crecimiento en volumen de negocio y resultado muy importante en este ejercicio, a pesar de las dificultades externas con las que nos hemos encontrado durante el curso del a\u00f1o. De hecho, el crecimiento ha superado ligeramente nuestras expectativas. Adem\u00e1s, hemos consolidado nuestra presencia en Barcelona y Madrid. Y, con respecto a Gestiona, el gran reto era dotarla de identidad propia como Gestor\u00eda y lo hemos conseguido gracias a la implicaci\u00f3n de todos los equipos que hasta ahora trabajaban de manera m\u00e1s aut\u00f3noma e independiente. En general, creo que es de justicia felicitar a todos los equipos por el trabajo hecho este primer a\u00f1o y pedirles coraje para consolidar, en adelante, todo lo que hemos hecho.<\/p>\n<p><img decoding=\"async\" class=\"wp-image-17458 size-800\" src=\"https:\/\/serhs.com\/wp-content\/uploads\/2018\/09\/Entrevista-OV-Serveis-3-1-800x600.jpg\" alt=\"Servicios empresa SERHS\" width=\"800\" height=\"600\" srcset=\"https:\/\/serhs.com\/wp-content\/uploads\/2018\/09\/Entrevista-OV-Serveis-3-1-200x150.jpg 200w, https:\/\/serhs.com\/wp-content\/uploads\/2018\/09\/Entrevista-OV-Serveis-3-1-300x225.jpg 300w, https:\/\/serhs.com\/wp-content\/uploads\/2018\/09\/Entrevista-OV-Serveis-3-1-400x300.jpg 400w, https:\/\/serhs.com\/wp-content\/uploads\/2018\/09\/Entrevista-OV-Serveis-3-1-600x450.jpg 600w, https:\/\/serhs.com\/wp-content\/uploads\/2018\/09\/Entrevista-OV-Serveis-3-1-768x576.jpg 768w, https:\/\/serhs.com\/wp-content\/uploads\/2018\/09\/Entrevista-OV-Serveis-3-1.jpg 800w\" sizes=\"(max-width: 800px) 100vw, 800px\" \/><\/p>\n<p>&nbsp;<\/p>\n<p><strong>S: La divisi\u00f3n de Servicios de SERHS acumula d\u00e9cadas de experiencia en el seno de la corporaci\u00f3n. En este sentido, \u00bfen qu\u00e9 ha sido clave todo este bagaje para encarar la nueva etapa que empezabais hace justo estos d\u00edas un a\u00f1o?<\/strong><\/p>\n<p>OV: Las realidades con las que hemos estado trabajando durante todos estos a\u00f1os con Corporaci\u00f3n han sido muchas y muy diversas, y eso nos ha permitido tener una visi\u00f3n mucho m\u00e1s amplia de las diferentes tipolog\u00edas de sectores y negocios -grandes, medianos, peque\u00f1os-. El hecho de conocer las diferentes experiencias y necesidades de las divisiones de grupo como clientes internos durante todos estos a\u00f1os, nos ha ayudado mucho y nos ha permitido fidelizar la cartera de clientes que ten\u00edamos hasta ahora, as\u00ed como la prospecci\u00f3n y apertura de nuevas cuentas. Al mismo tiempo, todo este trabajo nos ha dejado patente la necesidad de buscar soluciones innovadoras y <a href=\"https:\/\/serhs.com\/es\/demanda-en-aumento-de-la-herramienta-de-gestion-de-presencia-de-serhs-serveis\/\">poder aplicar la tecnolog\u00eda adecuada en todos los procesos, lo que nos ha permitido ayudar a nuestros nuevos clientes de forma m\u00e1s f\u00e1cil y dar la respuesta que esperaban.<\/a><\/p>\n<p>&nbsp;<\/p>\n<p><strong>S: Si profundizamos un poco m\u00e1s y nos zambullimos en la estructura de negocio de SERHS Serveis, \u00bfqu\u00e9 ha supuesto el lanzamiento de la divisi\u00f3n para cada una de las unidades, por ejemplo, para Gestiona?\u00a0<\/strong><\/p>\n<p>O.V: Para Gestiona, el de <a href=\"https:\/\/serhsserveis.com\/es\/gestoria-fiscal-y-laboral-servicio-juridico-nomina-renta-y-prevencion\/\">conseguir instaurar la conciencia de un equipo de negocio como es la Gestor\u00eda, cubriendo las diferentes l\u00edneas de negocio<\/a> que integra la unidad. Ven\u00edamos de departamentos que funcionaban de forma muy independiente y aut\u00f3noma y que ahora se han convertido en <strong>un equipo \u00fanico y consolidado con el mismo objetivo com\u00fan<\/strong> de ayudar y hacer la vida f\u00e1cil a nuestros clientes.<\/p>\n<p>&nbsp;<\/p>\n<blockquote><p><strong>\u00abMe ha sorprendido la necesidad del sector de servicios de propuestas innovadoras y de soluciones inmediatas de acuerdo al entorno cambiante en el que nos movemos\u00bb<\/strong><\/p><\/blockquote>\n<p>&nbsp;<\/p>\n<p><strong>S: Y, \u00bfpara SERHS Serveis TIC?<\/strong><\/p>\n<p>O.V: La divisi\u00f3n de TIC es la que ha sufrido un cambio mayor, ya que ha sido la que ha modificado completamente su visi\u00f3n estrat\u00e9gica del negocio; <a href=\"https:\/\/serhsserveis.com\/es\/tecnologia-comunicaciones\/\">ha pasado de coordinar y ejecutar todos los servicios centrales entre las diferentes divisiones de SERHS, a abrir todo su potencial al cliente externo<\/a>. Por ello, hemos redefinido toda su estructura con la incorporaci\u00f3n de nuevos perfiles de desarrollo de negocio y comercial, integrados en un mismo equipo, \u00e1reas hasta ahora no exploradas por esta unidad.<\/p>\n<p><img decoding=\"async\" class=\"wp-image-17456 size-800\" src=\"https:\/\/serhs.com\/wp-content\/uploads\/2018\/09\/Entrevista-OV-Serveis-2-1-800x600.jpg\" alt=\"Assegurances, Seguros, gestoria, tic empresas empreses servicios serveis\" width=\"800\" height=\"600\" srcset=\"https:\/\/serhs.com\/wp-content\/uploads\/2018\/09\/Entrevista-OV-Serveis-2-1-200x150.jpg 200w, https:\/\/serhs.com\/wp-content\/uploads\/2018\/09\/Entrevista-OV-Serveis-2-1-300x225.jpg 300w, https:\/\/serhs.com\/wp-content\/uploads\/2018\/09\/Entrevista-OV-Serveis-2-1-400x300.jpg 400w, https:\/\/serhs.com\/wp-content\/uploads\/2018\/09\/Entrevista-OV-Serveis-2-1-600x450.jpg 600w, https:\/\/serhs.com\/wp-content\/uploads\/2018\/09\/Entrevista-OV-Serveis-2-1-768x576.jpg 768w, https:\/\/serhs.com\/wp-content\/uploads\/2018\/09\/Entrevista-OV-Serveis-2-1.jpg 800w\" sizes=\"(max-width: 800px) 100vw, 800px\" \/><\/p>\n<p><strong>S: Y, finalmente, para SERHS Projects, \u00bfqu\u00e9 han supuesto estos \u00faltimos doce meses?<\/strong><\/p>\n<p>OV: Projects ven\u00eda de una experiencia y gesti\u00f3n completamente aut\u00f3nomas e independientes y el poder formar parte de un proyecto m\u00e1s global e integrado a la divisi\u00f3n de SERHS Serveis, <a href=\"https:\/\/serhsserveis.com\/es\/todo-en-equipamientos-para-hosteleria-restauracion-y-cocina-industrial\/\">le ha permitido disfrutar de un gran empuje y confianza para alcanzar objetivos y encarar el futuro con optimismo.<\/a><\/p>\n<p>En definitiva, podemos decir que gracias al conocimiento, la experiencia y la profesionalidad en cada una de las unidades de negocio, <strong>hemos conseguido forjar una divisi\u00f3n de equipos consolidados y comprometidos con un objetivo com\u00fan: dotar de soluciones y poner las cosas f\u00e1ciles a nuestros clientes, haciendo honor a nuestro <em>claim<\/em> corporativo de marca.<\/strong><\/p>\n<p>&nbsp;<\/p>\n<p><strong>\u00a0S: En un a\u00f1o pasan muchas cosas. Algunas que no se esperan. \u00bfQu\u00e9 es lo que m\u00e1s te ha sorprendido de esta etapa?<\/strong><\/p>\n<p>O.V: Principalmente, destacar\u00eda dos cosas. Por un lado, la capacidad de adaptaci\u00f3n de los diferentes equipos de las 3 unidades. Ya \u00absospechaba\u00bb que ten\u00edamos unos profesionales en la Divisi\u00f3n con muchas capacidades y potencial, pero el proyecto de la nueva Divisi\u00f3n que les hemos planteado era muy retador y se han salido, en general, con muy buena nota. En el \u00e1mbito m\u00e1s de negocio, <strong>me ha sorprendido la necesidad del sector de servicios de propuestas innovadoras y de soluciones inmediatas de acuerdo al entorno cambiante<\/strong> en el que nos movemos. Un buen ejemplo, lo encontramos en la herramienta Docugestiona, con la que desde el primer momento apostamos por ayudar a nuestros clientes en la tarea de digitalizaci\u00f3n de sus negocios en sectores tan estancos como son el \u00e1mbito de gesti\u00f3n laboral, mercantil y jur\u00eddico y que est\u00e1 teniendo una acogida espectacular.<\/p>\n<p>&nbsp;<\/p>\n<blockquote><p><strong>\u00abUna de las cosas que, pese a parecer poco importante, me ha hecho m\u00e1s ilusi\u00f3n de este a\u00f1o, ha sido la posibilidad de poder llevar un \u00abtrocito\u00bb de SERHS a las oficinas centrales de Google y a la Universidad de Stanford, en Silicon Valley\u00bb<\/strong><\/p><\/blockquote>\n<p>&nbsp;<\/p>\n<p><strong>S: Seguro que han sido muchas las an\u00e9cdotas durante estos 12 meses de trabajo intenso. Pero, si tuvieras que explicar una, \u00bfen cu\u00e1l te centrar\u00edas?<\/strong><\/p>\n<p>O.V: Una de las cosas que, pese a parecer poco importante, me ha hecho m\u00e1s ilusi\u00f3n de este a\u00f1o, ha sido la posibilidad de poder llevar un \u00abtrocito\u00bb de SERHS a las <strong>oficinas centrales de Google<\/strong> y a la<strong> Universidad de Stanford<\/strong>, en Silicon Valley. En un viaje que hicimos para profundizar en las relaciones que tenemos con Google en San Francisco, tuvimos la oportunidad de visitar sus Headquarters en Mountain View (Silicon Valley). Como deferencia, llevamos una litograf\u00eda dedicada del 40 aniversario de SERHS. Mi sorpresa vino cuando nos dimos cuenta de que les gust\u00f3 tanto que encargaron enseguida a su personal que le buscaran una pared destacada para poderla colgar y disfrutar\u2026 Y algo muy parecido nos sucedi\u00f3 en Stanford; \u00a1todo un \u00e9xito\u00a1<strong> Podemos decir con orgullo que gracias a SERHS Serveis, en Silicon Valley conocen nuestra historia y conservan un buen recuerdo de SERHS.<\/strong><\/p>\n<p><img decoding=\"async\" class=\"alignnone wp-image-17460 size-800\" src=\"https:\/\/serhs.com\/wp-content\/uploads\/2018\/09\/Entrevista-OV-Serveis-5-1-800x600.jpg\" alt=\"Hosteleria Hoteleria Hostaleria restauraci\u00f3 restauraci\u00f3n\" width=\"800\" height=\"600\" srcset=\"https:\/\/serhs.com\/wp-content\/uploads\/2018\/09\/Entrevista-OV-Serveis-5-1-200x150.jpg 200w, https:\/\/serhs.com\/wp-content\/uploads\/2018\/09\/Entrevista-OV-Serveis-5-1-300x225.jpg 300w, https:\/\/serhs.com\/wp-content\/uploads\/2018\/09\/Entrevista-OV-Serveis-5-1-400x300.jpg 400w, https:\/\/serhs.com\/wp-content\/uploads\/2018\/09\/Entrevista-OV-Serveis-5-1-600x450.jpg 600w, https:\/\/serhs.com\/wp-content\/uploads\/2018\/09\/Entrevista-OV-Serveis-5-1-768x576.jpg 768w, https:\/\/serhs.com\/wp-content\/uploads\/2018\/09\/Entrevista-OV-Serveis-5-1.jpg 800w\" sizes=\"(max-width: 800px) 100vw, 800px\" \/><\/p>\n<p>&nbsp;<\/p>\n<p><strong>S: Caray, \u00a1eso no lo puede explicar todo el mundo! As\u00ed que este ha sido un a\u00f1o que, en general, deja buenas perspectivas. Por todo ello, \u00bfcu\u00e1les crees que ser\u00e1n los retos a corto y medio plazo para la divisi\u00f3n?<\/strong><\/p>\n<p>O.V: Como reto com\u00fan debemos consolidar la divisi\u00f3n en el mercado de los servicios de gestor\u00eda, Tecnolog\u00eda y Proyectos y equipamientos. Y, al mismo tiempo, tenemos que crecer en volumen, tanto en cartera de clientes como en volumen de facturaci\u00f3n. Si damos un vistazo r\u00e1pido por \u00e1reas, lo resumir\u00eda en que para Gestiona nos centraremos en conseguir un crecimiento org\u00e1nico, gracias a acercarnos m\u00e1s a los clientes. Un buen ejemplo es, por un lado la puesta en marcha de la nueva gestor\u00eda de Calella, a pie de calle, que abre sus puertas este pr\u00f3ximo viernes 28 de septiembre, y que nos debe ayudar a aumentar nuestra cartera de clientes e incidir en nuestra labor de comunicaci\u00f3n para dar a conocer nuestro potencial y cat\u00e1logo de productos. Y, por el otro, <strong>la transformaci\u00f3n de la oficina actual de Asseguris, en Pineda, en el nuevo concepto de gestor\u00eda integral que ofrece la unidad de negocio<\/strong>. Tambi\u00e9n buscamos un crecimiento inorg\u00e1nico con la intenci\u00f3n de lograr crecimientos r\u00e1pidos del negocio, mediante adquisiciones de fondos de comercio o acuerdos con empresas complementarias.<\/p>\n<p>&nbsp;<\/p>\n<p><strong>S: \u00bfY los planes para SERHS Projects? <\/strong><\/p>\n<p>O.V: Si nos detenemos en las perspectivas que tenemos fijadas en Projects, <strong>podemos adelantaros una apuesta firme por los mercados de Barcelona y Madrid, en los que a\u00fan tenemos una cuota de mercado con mucho margen de crecimiento<\/strong>. Por ello dotaremos al equipo de nuevas contrataciones de comerciales y coordinadores que se incorporar\u00e1n a la unidad para aportar todo el potencial y experiencia que nos permitan dar pasos agigantados en estos territorios. Y, al mismo tiempo, vamos a invertir en nuestro e-commerce para dotarlo de los cambios tecnol\u00f3gicos e incorporaciones de nuevas gamas de productos que nos permitan seguir impulsando su crecimiento en la red y llegar a un p\u00fablico objetivo mucho m\u00e1s amplio y estrat\u00e9gico.<\/p>\n<p>&nbsp;<\/p>\n<blockquote><p><strong>\u00abLa puesta en marcha de la nueva gestor\u00eda de Calella, a pie de calle,\u00a0 este pr\u00f3ximo viernes 28 de septiembre,nos debe ayudar a aumentar nuestra cartera de clientes e incidir en nuestra labor de comunicaci\u00f3n para dar a conocer nuestro potencial y cat\u00e1logo de productos\u00bb<\/strong><\/p><\/blockquote>\n<p>&nbsp;<\/p>\n<p><strong>S: As\u00ed pues, nos queda preguntar \u2013 para ir terminando-, \u00bfcu\u00e1les son los retos a corto y medio plazo para el \u00e1mbito de Tecnolog\u00edas de la Informaci\u00f3n y Comunicaci\u00f3n de SERHS Serveis? <\/strong><\/p>\n<p>O.V: Las perspectivas para TIC se centran en seguir aportando soluciones tecnol\u00f3gicas a Gestiona y Projects, reforzando a\u00fan m\u00e1s su presencia en los cat\u00e1logos de producto -desarrollo de e-commerce, Docugestiona, firma biom\u00e9trica, entre otros-.<a href=\"https:\/\/serhs.com\/es\/serhs-serveis-colaborara-con-el-gremi-dhostaleria-de-sitges\/\"> Nos apoyaremos en nuestros <em>partners<\/em> m\u00e1s representativos<\/a> como, por ejemplo, Google y Vodafone, entre otros, y<strong> nos acercaremos al cliente. En este sentido, puedo avanzar que en breve abriremos un nuevo punto de servicio tecnol\u00f3gico, tambi\u00e9n a pie de calle en Pineda<\/strong>, para que el cliente pueda recibir de una atenci\u00f3n personalizada, \u00e1gil y r\u00e1pida en un entorno adecuado, y que le permita resolver problemas e incidencias diarias con eficiencia y proximidad.<\/p>\n<p><img decoding=\"async\" class=\"alignnone wp-image-17466 size-800\" src=\"https:\/\/serhs.com\/wp-content\/uploads\/2018\/09\/Entrevista-OV-Serveis-1-1-800x600.jpg\" alt=\"\" width=\"800\" height=\"600\" srcset=\"https:\/\/serhs.com\/wp-content\/uploads\/2018\/09\/Entrevista-OV-Serveis-1-1-200x150.jpg 200w, https:\/\/serhs.com\/wp-content\/uploads\/2018\/09\/Entrevista-OV-Serveis-1-1-300x225.jpg 300w, https:\/\/serhs.com\/wp-content\/uploads\/2018\/09\/Entrevista-OV-Serveis-1-1-400x300.jpg 400w, https:\/\/serhs.com\/wp-content\/uploads\/2018\/09\/Entrevista-OV-Serveis-1-1-600x450.jpg 600w, https:\/\/serhs.com\/wp-content\/uploads\/2018\/09\/Entrevista-OV-Serveis-1-1-768x576.jpg 768w, https:\/\/serhs.com\/wp-content\/uploads\/2018\/09\/Entrevista-OV-Serveis-1-1.jpg 800w\" sizes=\"(max-width: 800px) 100vw, 800px\" \/><\/p>\n","protected":false},"excerpt":{"rendered":"<p>En septiembre de 2017, SERHS lanzaba su divisi\u00f3n de servicios en el mercado, SERHS Servicios. Hacemos balance con su responsable un a\u00f1o despu\u00e9s de su puesta en marcha como divisi\u00f3n independiente<\/p>\n","protected":false},"author":19,"featured_media":17464,"menu_order":0,"comment_status":"closed","ping_status":"closed","template":"","format":"standard","meta":{"footnotes":""},"portfolio_category":[118],"portfolio_skills":[],"portfolio_tags":[],"class_list":["post-17477","avada_portfolio","type-avada_portfolio","status-publish","format-standard","has-post-thumbnail","hentry","portfolio_category-productos-y-servicios"],"yoast_head":"<!-- This site is optimized with the Yoast SEO plugin v27.3 - https:\/\/yoast.com\/product\/yoast-seo-wordpress\/ -->\n<title>Entrevista a Oriol Verdura, director general de SERHS Serveis<\/title>\n<meta name=\"description\" content=\"En septiembre de 2017, SERHS lanzaba su divisi\u00f3n de servicios al mercado, SERHS Serveis. Hacemos balance con su m\u00e1ximo responsable un a\u00f1o despu\u00e9s de su puesta en marcha como divisi\u00f3n independiente de servicios de Gestoria, TIC y Projects.\" \/>\n<meta name=\"robots\" content=\"noindex, follow\" \/>\n<meta property=\"og:locale\" content=\"es_ES\" \/>\n<meta property=\"og:type\" content=\"article\" \/>\n<meta property=\"og:title\" content=\"Entrevista a Oriol Verdura, director general de SERHS Serveis\" \/>\n<meta property=\"og:description\" content=\"En septiembre de 2017, SERHS lanzaba su divisi\u00f3n de servicios al mercado, SERHS Serveis. Hacemos balance con su m\u00e1ximo responsable un a\u00f1o despu\u00e9s de su puesta en marcha como divisi\u00f3n independiente de servicios de Gestoria, TIC y Projects.\" \/>\n<meta property=\"og:url\" content=\"https:\/\/serhs.com\/es\/serhs-inspiracio\/entrevista-a-oriol-verdura-director-general-de-serhs-serveis\/\" \/>\n<meta property=\"og:site_name\" content=\"SERHS\" \/>\n<meta property=\"article:publisher\" content=\"https:\/\/www.facebook.com\/grupserhs\" \/>\n<meta property=\"article:modified_time\" content=\"2023-04-03T09:12:27+00:00\" \/>\n<meta property=\"og:image\" content=\"https:\/\/serhs.com\/wp-content\/uploads\/2018\/09\/Entrevista-OV-Serveis-0-1.jpg\" \/>\n\t<meta property=\"og:image:width\" content=\"800\" \/>\n\t<meta property=\"og:image:height\" content=\"600\" \/>\n\t<meta property=\"og:image:type\" content=\"image\/jpeg\" \/>\n<meta name=\"twitter:card\" content=\"summary_large_image\" \/>\n<meta name=\"twitter:label1\" content=\"Tiempo de lectura\" \/>\n\t<meta name=\"twitter:data1\" content=\"11 minutos\" \/>\n<script type=\"application\/ld+json\" class=\"yoast-schema-graph\">{\"@context\":\"https:\\\/\\\/schema.org\",\"@graph\":[{\"@type\":\"WebPage\",\"@id\":\"https:\\\/\\\/serhs.com\\\/es\\\/serhs-inspiracio\\\/entrevista-a-oriol-verdura-director-general-de-serhs-serveis\\\/\",\"url\":\"https:\\\/\\\/serhs.com\\\/es\\\/serhs-inspiracio\\\/entrevista-a-oriol-verdura-director-general-de-serhs-serveis\\\/\",\"name\":\"Entrevista a Oriol Verdura, director general de SERHS Serveis\",\"isPartOf\":{\"@id\":\"https:\\\/\\\/serhs.com\\\/es\\\/#website\"},\"primaryImageOfPage\":{\"@id\":\"https:\\\/\\\/serhs.com\\\/es\\\/serhs-inspiracio\\\/entrevista-a-oriol-verdura-director-general-de-serhs-serveis\\\/#primaryimage\"},\"image\":{\"@id\":\"https:\\\/\\\/serhs.com\\\/es\\\/serhs-inspiracio\\\/entrevista-a-oriol-verdura-director-general-de-serhs-serveis\\\/#primaryimage\"},\"thumbnailUrl\":\"https:\\\/\\\/serhs.com\\\/wp-content\\\/uploads\\\/2018\\\/09\\\/Entrevista-OV-Serveis-0-1.jpg\",\"datePublished\":\"2018-09-25T06:46:56+00:00\",\"dateModified\":\"2023-04-03T09:12:27+00:00\",\"description\":\"En septiembre de 2017, SERHS lanzaba su divisi\u00f3n de servicios al mercado, SERHS Serveis. Hacemos balance con su m\u00e1ximo responsable un a\u00f1o despu\u00e9s de su puesta en marcha como divisi\u00f3n independiente de servicios de Gestoria, TIC y Projects.\",\"breadcrumb\":{\"@id\":\"https:\\\/\\\/serhs.com\\\/es\\\/serhs-inspiracio\\\/entrevista-a-oriol-verdura-director-general-de-serhs-serveis\\\/#breadcrumb\"},\"inLanguage\":\"es\",\"potentialAction\":[{\"@type\":\"ReadAction\",\"target\":[\"https:\\\/\\\/serhs.com\\\/es\\\/serhs-inspiracio\\\/entrevista-a-oriol-verdura-director-general-de-serhs-serveis\\\/\"]}]},{\"@type\":\"ImageObject\",\"inLanguage\":\"es\",\"@id\":\"https:\\\/\\\/serhs.com\\\/es\\\/serhs-inspiracio\\\/entrevista-a-oriol-verdura-director-general-de-serhs-serveis\\\/#primaryimage\",\"url\":\"https:\\\/\\\/serhs.com\\\/wp-content\\\/uploads\\\/2018\\\/09\\\/Entrevista-OV-Serveis-0-1.jpg\",\"contentUrl\":\"https:\\\/\\\/serhs.com\\\/wp-content\\\/uploads\\\/2018\\\/09\\\/Entrevista-OV-Serveis-0-1.jpg\",\"width\":800,\"height\":600,\"caption\":\"Gestoria, TIC, Projects serveis y servicios\"},{\"@type\":\"BreadcrumbList\",\"@id\":\"https:\\\/\\\/serhs.com\\\/es\\\/serhs-inspiracio\\\/entrevista-a-oriol-verdura-director-general-de-serhs-serveis\\\/#breadcrumb\",\"itemListElement\":[{\"@type\":\"ListItem\",\"position\":1,\"name\":\"Inici\",\"item\":\"https:\\\/\\\/serhs.com\\\/es\\\/\"},{\"@type\":\"ListItem\",\"position\":2,\"name\":\"SERHS Inspira\",\"item\":\"https:\\\/\\\/serhs.com\\\/serhs-inspiracio\\\/\"},{\"@type\":\"ListItem\",\"position\":3,\"name\":\"Productos y Servicios\",\"item\":\"https:\\\/\\\/serhs.com\\\/es\\\/inspira_categoria\\\/productos-y-servicios\\\/\"},{\"@type\":\"ListItem\",\"position\":4,\"name\":\"Entrevista a Oriol Verdura, director general de SERHS Servicios: &#8220;Hemos conseguido forjar una divisi\u00f3n de equipos consolidados y comprometidos con un objetivo com\u00fan: dotar de soluciones a nuestros clientes&#8221;\"}]},{\"@type\":\"WebSite\",\"@id\":\"https:\\\/\\\/serhs.com\\\/es\\\/#website\",\"url\":\"https:\\\/\\\/serhs.com\\\/es\\\/\",\"name\":\"SERHS\",\"description\":\"El primer grup Tur\u00edstic de Catalunya\",\"publisher\":{\"@id\":\"https:\\\/\\\/serhs.com\\\/es\\\/#organization\"},\"potentialAction\":[{\"@type\":\"SearchAction\",\"target\":{\"@type\":\"EntryPoint\",\"urlTemplate\":\"https:\\\/\\\/serhs.com\\\/es\\\/?s={search_term_string}\"},\"query-input\":{\"@type\":\"PropertyValueSpecification\",\"valueRequired\":true,\"valueName\":\"search_term_string\"}}],\"inLanguage\":\"es\"},{\"@type\":\"Organization\",\"@id\":\"https:\\\/\\\/serhs.com\\\/es\\\/#organization\",\"name\":\"SERHS\",\"url\":\"https:\\\/\\\/serhs.com\\\/es\\\/\",\"logo\":{\"@type\":\"ImageObject\",\"inLanguage\":\"es\",\"@id\":\"https:\\\/\\\/serhs.com\\\/es\\\/#\\\/schema\\\/logo\\\/image\\\/\",\"url\":\"https:\\\/\\\/serhs.com\\\/wp-content\\\/uploads\\\/2018\\\/05\\\/logoSERHS200.png\",\"contentUrl\":\"https:\\\/\\\/serhs.com\\\/wp-content\\\/uploads\\\/2018\\\/05\\\/logoSERHS200.png\",\"width\":200,\"height\":67,\"caption\":\"SERHS\"},\"image\":{\"@id\":\"https:\\\/\\\/serhs.com\\\/es\\\/#\\\/schema\\\/logo\\\/image\\\/\"},\"sameAs\":[\"https:\\\/\\\/www.facebook.com\\\/grupserhs\",\"https:\\\/\\\/www.linkedin.com\\\/company\\\/grup-serhs\",\"https:\\\/\\\/www.instagram.com\\\/serhsoficial\\\/\"]}]}<\/script>\n<!-- \/ Yoast SEO plugin. -->","yoast_head_json":{"title":"Entrevista a Oriol Verdura, director general de SERHS Serveis","description":"En septiembre de 2017, SERHS lanzaba su divisi\u00f3n de servicios al mercado, SERHS Serveis. Hacemos balance con su m\u00e1ximo responsable un a\u00f1o despu\u00e9s de su puesta en marcha como divisi\u00f3n independiente de servicios de Gestoria, TIC y Projects.","robots":{"index":"noindex","follow":"follow"},"og_locale":"es_ES","og_type":"article","og_title":"Entrevista a Oriol Verdura, director general de SERHS Serveis","og_description":"En septiembre de 2017, SERHS lanzaba su divisi\u00f3n de servicios al mercado, SERHS Serveis. Hacemos balance con su m\u00e1ximo responsable un a\u00f1o despu\u00e9s de su puesta en marcha como divisi\u00f3n independiente de servicios de Gestoria, TIC y Projects.","og_url":"https:\/\/serhs.com\/es\/serhs-inspiracio\/entrevista-a-oriol-verdura-director-general-de-serhs-serveis\/","og_site_name":"SERHS","article_publisher":"https:\/\/www.facebook.com\/grupserhs","article_modified_time":"2023-04-03T09:12:27+00:00","og_image":[{"width":800,"height":600,"url":"https:\/\/serhs.com\/wp-content\/uploads\/2018\/09\/Entrevista-OV-Serveis-0-1.jpg","type":"image\/jpeg"}],"twitter_card":"summary_large_image","twitter_misc":{"Tiempo de lectura":"11 minutos"},"schema":{"@context":"https:\/\/schema.org","@graph":[{"@type":"WebPage","@id":"https:\/\/serhs.com\/es\/serhs-inspiracio\/entrevista-a-oriol-verdura-director-general-de-serhs-serveis\/","url":"https:\/\/serhs.com\/es\/serhs-inspiracio\/entrevista-a-oriol-verdura-director-general-de-serhs-serveis\/","name":"Entrevista a Oriol Verdura, director general de SERHS Serveis","isPartOf":{"@id":"https:\/\/serhs.com\/es\/#website"},"primaryImageOfPage":{"@id":"https:\/\/serhs.com\/es\/serhs-inspiracio\/entrevista-a-oriol-verdura-director-general-de-serhs-serveis\/#primaryimage"},"image":{"@id":"https:\/\/serhs.com\/es\/serhs-inspiracio\/entrevista-a-oriol-verdura-director-general-de-serhs-serveis\/#primaryimage"},"thumbnailUrl":"https:\/\/serhs.com\/wp-content\/uploads\/2018\/09\/Entrevista-OV-Serveis-0-1.jpg","datePublished":"2018-09-25T06:46:56+00:00","dateModified":"2023-04-03T09:12:27+00:00","description":"En septiembre de 2017, SERHS lanzaba su divisi\u00f3n de servicios al mercado, SERHS Serveis. Hacemos balance con su m\u00e1ximo responsable un a\u00f1o despu\u00e9s de su puesta en marcha como divisi\u00f3n independiente de servicios de Gestoria, TIC y Projects.","breadcrumb":{"@id":"https:\/\/serhs.com\/es\/serhs-inspiracio\/entrevista-a-oriol-verdura-director-general-de-serhs-serveis\/#breadcrumb"},"inLanguage":"es","potentialAction":[{"@type":"ReadAction","target":["https:\/\/serhs.com\/es\/serhs-inspiracio\/entrevista-a-oriol-verdura-director-general-de-serhs-serveis\/"]}]},{"@type":"ImageObject","inLanguage":"es","@id":"https:\/\/serhs.com\/es\/serhs-inspiracio\/entrevista-a-oriol-verdura-director-general-de-serhs-serveis\/#primaryimage","url":"https:\/\/serhs.com\/wp-content\/uploads\/2018\/09\/Entrevista-OV-Serveis-0-1.jpg","contentUrl":"https:\/\/serhs.com\/wp-content\/uploads\/2018\/09\/Entrevista-OV-Serveis-0-1.jpg","width":800,"height":600,"caption":"Gestoria, TIC, Projects serveis y servicios"},{"@type":"BreadcrumbList","@id":"https:\/\/serhs.com\/es\/serhs-inspiracio\/entrevista-a-oriol-verdura-director-general-de-serhs-serveis\/#breadcrumb","itemListElement":[{"@type":"ListItem","position":1,"name":"Inici","item":"https:\/\/serhs.com\/es\/"},{"@type":"ListItem","position":2,"name":"SERHS Inspira","item":"https:\/\/serhs.com\/serhs-inspiracio\/"},{"@type":"ListItem","position":3,"name":"Productos y Servicios","item":"https:\/\/serhs.com\/es\/inspira_categoria\/productos-y-servicios\/"},{"@type":"ListItem","position":4,"name":"Entrevista a Oriol Verdura, director general de SERHS Servicios: &#8220;Hemos conseguido forjar una divisi\u00f3n de equipos consolidados y comprometidos con un objetivo com\u00fan: dotar de soluciones a nuestros clientes&#8221;"}]},{"@type":"WebSite","@id":"https:\/\/serhs.com\/es\/#website","url":"https:\/\/serhs.com\/es\/","name":"SERHS","description":"El primer grup Tur\u00edstic de Catalunya","publisher":{"@id":"https:\/\/serhs.com\/es\/#organization"},"potentialAction":[{"@type":"SearchAction","target":{"@type":"EntryPoint","urlTemplate":"https:\/\/serhs.com\/es\/?s={search_term_string}"},"query-input":{"@type":"PropertyValueSpecification","valueRequired":true,"valueName":"search_term_string"}}],"inLanguage":"es"},{"@type":"Organization","@id":"https:\/\/serhs.com\/es\/#organization","name":"SERHS","url":"https:\/\/serhs.com\/es\/","logo":{"@type":"ImageObject","inLanguage":"es","@id":"https:\/\/serhs.com\/es\/#\/schema\/logo\/image\/","url":"https:\/\/serhs.com\/wp-content\/uploads\/2018\/05\/logoSERHS200.png","contentUrl":"https:\/\/serhs.com\/wp-content\/uploads\/2018\/05\/logoSERHS200.png","width":200,"height":67,"caption":"SERHS"},"image":{"@id":"https:\/\/serhs.com\/es\/#\/schema\/logo\/image\/"},"sameAs":["https:\/\/www.facebook.com\/grupserhs","https:\/\/www.linkedin.com\/company\/grup-serhs","https:\/\/www.instagram.com\/serhsoficial\/"]}]}},"_links":{"self":[{"href":"https:\/\/serhs.com\/es\/wp-json\/wp\/v2\/avada_portfolio\/17477","targetHints":{"allow":["GET"]}}],"collection":[{"href":"https:\/\/serhs.com\/es\/wp-json\/wp\/v2\/avada_portfolio"}],"about":[{"href":"https:\/\/serhs.com\/es\/wp-json\/wp\/v2\/types\/avada_portfolio"}],"author":[{"embeddable":true,"href":"https:\/\/serhs.com\/es\/wp-json\/wp\/v2\/users\/19"}],"replies":[{"embeddable":true,"href":"https:\/\/serhs.com\/es\/wp-json\/wp\/v2\/comments?post=17477"}],"version-history":[{"count":0,"href":"https:\/\/serhs.com\/es\/wp-json\/wp\/v2\/avada_portfolio\/17477\/revisions"}],"wp:featuredmedia":[{"embeddable":true,"href":"https:\/\/serhs.com\/es\/wp-json\/wp\/v2\/media\/17464"}],"wp:attachment":[{"href":"https:\/\/serhs.com\/es\/wp-json\/wp\/v2\/media?parent=17477"}],"wp:term":[{"taxonomy":"portfolio_category","embeddable":true,"href":"https:\/\/serhs.com\/es\/wp-json\/wp\/v2\/portfolio_category?post=17477"},{"taxonomy":"portfolio_skills","embeddable":true,"href":"https:\/\/serhs.com\/es\/wp-json\/wp\/v2\/portfolio_skills?post=17477"},{"taxonomy":"portfolio_tags","embeddable":true,"href":"https:\/\/serhs.com\/es\/wp-json\/wp\/v2\/portfolio_tags?post=17477"}],"curies":[{"name":"wp","href":"https:\/\/api.w.org\/{rel}","templated":true}]}}